{"id":266,"date":"2020-03-21T07:20:54","date_gmt":"2020-03-21T07:20:54","guid":{"rendered":"https:\/\/www.santiagotarrak.com\/?page_id=266"},"modified":"2026-04-15T13:09:04","modified_gmt":"2026-04-15T11:09:04","slug":"historia","status":"publish","type":"page","link":"https:\/\/www.santiagotarrak.com\/es\/competicion\/remo\/historia\/","title":{"rendered":"Historia"},"content":{"rendered":"<p>[et_pb_section fb_built=\u00bb1&#8243; module_class=\u00bbheader-section\u00bb _builder_version=\u00bb4.8.1&#8243; background_image=\u00bbhttps:\/\/www.santiagotarrak.com\/wp-content\/uploads\/2021\/02\/24983157844_ce84bee4c4_o.jpg\u00bb locked=\u00bboff\u00bb][et_pb_row _builder_version=\u00bb4.0.6&#8243;][et_pb_column type=\u00bb4_4&#8243; _builder_version=\u00bb4.0.6&#8243;][et_pb_text admin_label=\u00bbRemo\u00bb _builder_version=\u00bb4.0.6&#8243; locked=\u00bboff\u00bb]<\/p>\n<p class=\"header-h1\">Remo<\/p>\n<p>[\/et_pb_text][\/et_pb_column][\/et_pb_row][\/et_pb_section][et_pb_section fb_built=\u00bb1&#8243; specialty=\u00bbon\u00bb _builder_version=\u00bb4.0.6&#8243; locked=\u00bboff\u00bb][et_pb_column type=\u00bb1_4&#8243; _builder_version=\u00bb3.25&#8243; custom_padding=\u00bb|||\u00bb custom_padding__hover=\u00bb|||\u00bb][et_pb_menu menu_id=\u00bb3&#8243; module_class=\u00bbmenu-seccion\u00bb _builder_version=\u00bb4.0.6&#8243; locked=\u00bboff\u00bb][\/et_pb_menu][\/et_pb_column][et_pb_column type=\u00bb3_4&#8243; specialty_columns=\u00bb3&#8243; _builder_version=\u00bb3.25&#8243; custom_padding=\u00bb|||\u00bb custom_padding__hover=\u00bb|||\u00bb][et_pb_row_inner _builder_version=\u00bb4.0.6&#8243; admin_label=\u00bbFila\u00bb locked=\u00bboff\u00bb][et_pb_column_inner saved_specialty_column_type=\u00bb3_4&#8243; _builder_version=\u00bb4.0.6&#8243;][et_pb_text admin_label=\u00bbHistoria\u00bb _builder_version=\u00bb4.0.6&#8243; custom_margin=\u00bb||0px||false|false\u00bb]<\/p>\n<h1>Historia<\/h1>\n<p>[\/et_pb_text][et_pb_text _builder_version=\u00bb4.8.1&#8243; custom_margin=\u00bb0px||0px||false|false\u00bb custom_padding=\u00bb0px||||false|false\u00bb]<\/p>\n<h2><span class=\"TextRun SCXW227888345 BCX0\" lang=\"ES-ES\" xml:lang=\"ES-ES\" data-contrast=\"auto\"><span class=\"NormalTextRun SCXW227888345 BCX0\">Los comienzos: la d\u00e9cada de los 80<\/span><\/span><span class=\"EOP SCXW227888345 BCX0\" data-ccp-props=\"{&quot;134233117&quot;:false,&quot;134233118&quot;:false,&quot;335559738&quot;:0,&quot;335559739&quot;:210}\">\u00a0<\/span><\/h2>\n<p><span class=\"TextRun SCXW18999224 BCX0\" lang=\"ES-ES\" xml:lang=\"ES-ES\" data-contrast=\"auto\"><span class=\"NormalTextRun SCXW18999224 BCX0\">La secci\u00f3n de remo de la S.D. <\/span><span class=\"NormalTextRun SpellingErrorV2Themed SCXW18999224 BCX0\">Santiagotarrak<\/span><span class=\"NormalTextRun SCXW18999224 BCX0\"> comienza en el a\u00f1o 1981, 15 a\u00f1os despu\u00e9s del a\u00f1o de fundaci\u00f3n del club. Durante esta d\u00e9cada se empieza a entrenar y competir, y es en 1983 cuando se consigue la primera medalla en un campeonato nacional, a manos de uno de los hist\u00f3ricos del club, Inaxio Gonz\u00e1lez. A esta medalla le siguen muchas otras, tanto en categor\u00eda femenina como masculina, lo cual consolida a la secci\u00f3n a nivel provincial, auton\u00f3mico y nacional.<\/span><\/span><span class=\"EOP SCXW18999224 BCX0\" data-ccp-props=\"{&quot;134233117&quot;:false,&quot;134233118&quot;:false,&quot;335559738&quot;:0,&quot;335559739&quot;:180}\">\u00a0<\/span><\/p>\n<p>[\/et_pb_text][et_pb_image src=\u00bbhttps:\/\/www.santiagotarrak.com\/wp-content\/uploads\/2020\/07\/inaxio_Gonzalez-Xabi_Arellano.jpg\u00bb _builder_version=\u00bb4.0.6&#8243; custom_margin=\u00bb0px||||false|false\u00bb custom_padding=\u00bb0px||||false|false\u00bb][\/et_pb_image][et_pb_text admin_label=\u00bbTexto\u00bb _builder_version=\u00bb4.8.1&#8243; custom_margin=\u00bb||0px||false|false\u00bb custom_padding=\u00bb||0px||false|false\u00bb]<\/p>\n<p><span class=\"TextRun SCXW75567272 BCX0\" lang=\"ES-ES\" xml:lang=\"ES-ES\" data-contrast=\"auto\"><span class=\"NormalTextRun SCXW75567272 BCX0\">En los a\u00f1os 1986 y 1987, Inaxio Gonz\u00e1lez y Xabier Arellano participan con la selecci\u00f3n nacional en el Campeonato del Mundo Junior en la modalidad de 2-. Inaxio Gonz\u00e1lez consigue en 1988 la primera medalla internacional en el Campeonato de Europa sub23 en la modalidad de 4-.<\/span><\/span><\/p>\n<p>[\/et_pb_text][\/et_pb_column_inner][\/et_pb_row_inner][et_pb_row_inner _builder_version=\u00bb4.8.1&#8243; _module_preset=\u00bbdefault\u00bb locked=\u00bboff\u00bb][et_pb_column_inner saved_specialty_column_type=\u00bb3_4&#8243; _builder_version=\u00bb4.8.1&#8243; _module_preset=\u00bbdefault\u00bb][et_pb_text _builder_version=\u00bb4.8.1&#8243; custom_margin=\u00bb||0px||false|false\u00bb custom_padding=\u00bb||0px||false|false\u00bb]<\/p>\n<h2><span class=\"TextRun SCXW66296640 BCX0\" lang=\"ES-ES\" xml:lang=\"ES-ES\" data-contrast=\"auto\"><span class=\"NormalTextRun SCXW66296640 BCX0\">Relevo generacional y proyecci\u00f3n internacional: a\u00f1os 90<\/span><\/span><span class=\"EOP SCXW66296640 BCX0\" data-ccp-props=\"{&quot;134233117&quot;:false,&quot;134233118&quot;:false,&quot;335559738&quot;:0,&quot;335559739&quot;:210}\">\u00a0<\/span><\/h2>\n<p><span class=\"TextRun SCXW67964313 BCX0\" lang=\"ES-ES\" xml:lang=\"ES-ES\" data-contrast=\"auto\"><span class=\"NormalTextRun SCXW67964313 BCX0\">Esta generaci\u00f3n de remeros y remeras sigue compitiendo y obteniendo medallas durante m\u00e1s de 10 a\u00f1os, lo cual hace crecer a la secci\u00f3n hasta dar el relevo generacional a mitad de los a\u00f1os 90. <\/span><span class=\"NormalTextRun SCXW67964313 BCX0\">Durante esta d\u00e9cada se siguen obteniendo medallas y aumenta el n\u00famero de deportistas que participan en pruebas internacionales con la selecci\u00f3n, tales como Aitor Sorondo e Ignacio Mancisidor, siendo este \u00faltimo el primer remero del club en participar en un Mundial senior.<\/span><\/span><span class=\"EOP SCXW67964313 BCX0\" data-ccp-props=\"{&quot;134233117&quot;:false,&quot;134233118&quot;:false,&quot;335559738&quot;:0,&quot;335559739&quot;:180}\">\u00a0<\/span><\/p>\n<p>[\/et_pb_text][et_pb_text admin_label=\u00bbTrainera\u00bb _builder_version=\u00bb4.8.1&#8243;]<img class=\"wp-image-1297 alignright size-full\" style=\"margin-top: 10px; margin-left: 30px;\" src=\"https:\/\/www.santiagotarrak.com\/wp-content\/uploads\/2020\/07\/Trainera.png\" alt=\"\" width=\"400\" srcset=\"https:\/\/www.santiagotarrak.com\/wp-content\/uploads\/2020\/07\/Trainera.png 600w, https:\/\/www.santiagotarrak.com\/wp-content\/uploads\/2020\/07\/Trainera-480x320.png 480w\" sizes=\"(min-width: 0px) and (max-width: 480px) 480px, (min-width: 481px) 600px, 100vw\" \/><span class=\"TextRun SCXW125064320 BCX0\" lang=\"ES-ES\" xml:lang=\"ES-ES\" data-contrast=\"auto\"><span class=\"NormalTextRun SpellingErrorV2Themed SCXW125064320 BCX0\">En<\/span><span class=\"NormalTextRun SCXW125064320 BCX0\"> 1993 se decide iniciar un proyecto de trainera que dura hasta comienzos de los 2000. Durante este periodo, la trainera evoluciona y consigue su primera victoria en 1995, la Bandera de Avil\u00e9s. Durante los 10 a\u00f1os que dura el proyecto, se obtienen 8 banderas m\u00e1s, destacando las 3 Banderas Ciudad de <\/span><span class=\"NormalTextRun SpellingErrorV2Themed SCXW125064320 BCX0\">Irun<\/span><span class=\"NormalTextRun SCXW125064320 BCX0\"> (2000, 2001 y 2003). En 2003, <\/span><span class=\"NormalTextRun SpellingErrorV2Themed SCXW125064320 BCX0\">Santiagotarrak<\/span><span class=\"NormalTextRun SCXW125064320 BCX0\"> forma una sinergia con <\/span><span class=\"NormalTextRun SpellingErrorV2Themed SCXW125064320 BCX0\">Arraun<\/span> <span class=\"NormalTextRun SpellingErrorV2Themed SCXW125064320 BCX0\">Lagunak<\/span><span class=\"NormalTextRun SCXW125064320 BCX0\"> para poder competir como <\/span><span class=\"NormalTextRun SpellingErrorV2Themed SpellingErrorHighlight SCXW125064320 BCX0\">Arraun<\/span><span class=\"NormalTextRun SCXW125064320 BCX0\">-Santiago, llegando a participar en la Regata de la Concha de ese a\u00f1o.<\/span><\/span><span class=\"EOP SCXW125064320 BCX0\" data-ccp-props=\"{&quot;134233117&quot;:false,&quot;134233118&quot;:false,&quot;335559685&quot;:0,&quot;335559738&quot;:0,&quot;335559739&quot;:180,&quot;469777462&quot;:[4410],&quot;469777927&quot;:[0],&quot;469777928&quot;:[4]}\">\u00a0<\/span>[\/et_pb_text][\/et_pb_column_inner][\/et_pb_row_inner][et_pb_row_inner _builder_version=\u00bb4.8.1&#8243; _module_preset=\u00bbdefault\u00bb locked=\u00bboff\u00bb][et_pb_column_inner saved_specialty_column_type=\u00bb3_4&#8243; _builder_version=\u00bb4.8.1&#8243; _module_preset=\u00bbdefault\u00bb][et_pb_text admin_label=\u00bbTexto\u00bb _builder_version=\u00bb4.8.1&#8243; custom_margin=\u00bb10px||||false|false\u00bb]<\/p>\n<h2>Consolidaci\u00f3n y continuidad: los a\u00f1os 2000<\/h2>\n<div id=\"attachment_3910\" style=\"width: 410px\" class=\"wp-caption alignleft\"><img aria-describedby=\"caption-attachment-3910\" loading=\"lazy\" class=\"wp-image-3910 size-full\" src=\"https:\/\/www.santiagotarrak.com\/wp-content\/uploads\/2025\/08\/remo-2000-3.png\" alt=\"\" width=\"400\" height=\"180\" srcset=\"https:\/\/www.santiagotarrak.com\/wp-content\/uploads\/2025\/08\/remo-2000-3.png 400w, https:\/\/www.santiagotarrak.com\/wp-content\/uploads\/2025\/08\/remo-2000-3-300x135.png 300w\" sizes=\"(max-width: 400px) 100vw, 400px\" \/><p id=\"caption-attachment-3910\" class=\"wp-caption-text\">\u00a9 JJ Portos<\/p><\/div>\n<p><span class=\"TextRun SCXW125064320 BCX0\" lang=\"ES-ES\" xml:lang=\"ES-ES\" data-contrast=\"auto\"><span class=\"NormalTextRun SpellingErrorV2Themed SCXW125064320 BCX0\">En<\/span><span class=\"NormalTextRun SCXW125064320 BCX0\"> Durante la d\u00e9cada de los 2000, la secci\u00f3n sigue creciendo en n\u00famero de deportistas y los \u00e9xitos se mantienen, centr\u00e1ndose de nuevo en el remo ol\u00edmpico. Se siguen obteniendo medallas a todos los niveles, y varios deportistas forman parte del equipo nacional: Sebas Baranzano, Gorka Vertiz, Unai Goyogana, I\u00f1igo Aragon y Borja Gorrotxategi.<\/span><\/span><\/p>\n<p>[\/et_pb_text][\/et_pb_column_inner][\/et_pb_row_inner][et_pb_row_inner _builder_version=\u00bb4.8.1&#8243; _module_preset=\u00bbdefault\u00bb locked=\u00bboff\u00bb][et_pb_column_inner saved_specialty_column_type=\u00bb3_4&#8243; _builder_version=\u00bb4.8.1&#8243; _module_preset=\u00bbdefault\u00bb][et_pb_text admin_label=\u00bbTexto\u00bb _builder_version=\u00bb4.8.1&#8243; _module_preset=\u00bbdefault\u00bb]<\/p>\n<h2><span class=\"TextRun SCXW10474244 BCX0\" lang=\"ES-ES\" xml:lang=\"ES-ES\" data-contrast=\"auto\"><span class=\"NormalTextRun SCXW10474244 BCX0\">Expansi\u00f3n y salto cualitativo: los a\u00f1os 2010<\/span><\/span><span class=\"EOP SCXW10474244 BCX0\" data-ccp-props=\"{&quot;134233117&quot;:false,&quot;134233118&quot;:false,&quot;335559738&quot;:0,&quot;335559739&quot;:210}\">\u00a0<\/span><\/h2>\n<p><span class=\"TextRun SCXW198303759 BCX0\" lang=\"ES-ES\" xml:lang=\"ES-ES\" data-contrast=\"auto\"><span class=\"NormalTextRun SCXW198303759 BCX0\">Es en la d\u00e9cada de 2010 cuando la secci\u00f3n crece exponencialmente tanto en deportistas como en infraestructura. El n\u00famero de medallas nacionales se duplica, al igual que los integrantes de la selecci\u00f3n nacional, llegando a contar con seis remeros y remeras: Borja Portos, Jon <\/span><span class=\"NormalTextRun SpellingErrorV2Themed SCXW198303759 BCX0\">Aizpiolea<\/span><span class=\"NormalTextRun SCXW198303759 BCX0\">, Ander <\/span><span class=\"NormalTextRun SpellingErrorV2Themed SCXW198303759 BCX0\">Legazkue<\/span><span class=\"NormalTextRun SCXW198303759 BCX0\">, <\/span><span class=\"NormalTextRun SpellingErrorV2Themed SCXW198303759 BCX0\">Aitzpea<\/span><span class=\"NormalTextRun SCXW198303759 BCX0\"> Gonz\u00e1lez, <\/span><span class=\"NormalTextRun SpellingErrorV2Themed SCXW198303759 BCX0\">Osertz<\/span><span class=\"NormalTextRun SCXW198303759 BCX0\"> Gonz\u00e1lez y Nerea Seijo.<\/span><\/span><span class=\"EOP SCXW198303759 BCX0\" data-ccp-props=\"{&quot;134233117&quot;:false,&quot;134233118&quot;:false,&quot;335559738&quot;:0,&quot;335559739&quot;:180}\">\u00a0<\/span><\/p>\n<p>[\/et_pb_text][et_pb_image src=\u00bbhttps:\/\/www.santiagotarrak.com\/wp-content\/uploads\/2020\/07\/8femenino.jpg\u00bb admin_label=\u00bbImagen\u00bb _builder_version=\u00bb4.0.6&#8243; custom_margin=\u00bb0px||||false|false\u00bb custom_padding=\u00bb0px||||false|false\u00bb][\/et_pb_image][et_pb_text _builder_version=\u00bb4.8.1&#8243; _module_preset=\u00bbdefault\u00bb]<\/p>\n<p><span data-contrast=\"auto\">En 2016, con motivo del 50\u00ba aniversario del club, se forma un bote 8+ absoluto femenino \u2014con remeras junior y senior\u2014 para competir en el Campeonato Nacional, logrando una destacada segunda plaza.<\/span><span data-ccp-props=\"{&quot;134233117&quot;:false,&quot;134233118&quot;:false,&quot;335559738&quot;:0,&quot;335559739&quot;:180}\">\u00a0<\/span><\/p>\n<p><span data-contrast=\"auto\">Ese mismo a\u00f1o, Aitzpea Gonz\u00e1lez se convierte en la primera mujer del club en competir con la selecci\u00f3n nacional, participando en la regata Copa de la Juventud en 4-, donde logra la medalla de oro. Aitzpea contin\u00faa compitiendo internacionalmente y participa en los Mundiales sub23 de 2018 y 2019, obteniendo la 12\u00aa y 5\u00aa plaza, respectivamente.<\/span><span data-ccp-props=\"{&quot;134233117&quot;:false,&quot;134233118&quot;:false,&quot;335559738&quot;:0,&quot;335559739&quot;:180}\">\u00a0<\/span><\/p>\n<p>[\/et_pb_text][\/et_pb_column_inner][\/et_pb_row_inner][et_pb_row_inner _builder_version=\u00bb4.8.1&#8243; _module_preset=\u00bbdefault\u00bb locked=\u00bboff\u00bb][et_pb_column_inner saved_specialty_column_type=\u00bb3_4&#8243; _builder_version=\u00bb4.8.1&#8243; _module_preset=\u00bbdefault\u00bb][et_pb_text _builder_version=\u00bb4.8.1&#8243; _module_preset=\u00bbdefault\u00bb]<\/p>\n<h2><span class=\"TextRun SCXW101511306 BCX0\" lang=\"ES-ES\" xml:lang=\"ES-ES\" data-contrast=\"auto\"><span class=\"NormalTextRun SCXW101511306 BCX0\">Una d\u00e9cada de consolidaci\u00f3n y grandes resultados (2020\u20132025)<\/span><\/span><span class=\"EOP SCXW101511306 BCX0\" data-ccp-props=\"{&quot;134233117&quot;:false,&quot;134233118&quot;:false,&quot;335559738&quot;:0,&quot;335559739&quot;:210}\">\u00a0<\/span><\/h2>\n<p><span data-contrast=\"auto\">En lo que llevamos de la d\u00e9cada de 2020, la secci\u00f3n ha seguido creciendo tanto en n\u00famero de deportistas como en resultados. Actualmente cuenta con m\u00e1s de 100 integrantes, y entre 2020 y 2024 se han conseguido tantas medallas en Campeonatos de Espa\u00f1a como en toda la d\u00e9cada anterior.<\/span><span data-ccp-props=\"{&quot;134233117&quot;:false,&quot;134233118&quot;:false,&quot;335559738&quot;:0,&quot;335559739&quot;:180}\">\u00a0<\/span><\/p>\n<p><span data-contrast=\"auto\">A\u00f1os especialmente destacados:<\/span><span data-ccp-props=\"{&quot;134233117&quot;:false,&quot;134233118&quot;:false,&quot;335559738&quot;:0,&quot;335559739&quot;:180}\">\u00a0<\/span><\/p>\n<ul>\n<li><span data-contrast=\"auto\"><strong>2021<\/strong>: 14 medallas.<\/span><span data-ccp-props=\"{&quot;134233117&quot;:false,&quot;134233118&quot;:false,&quot;335559738&quot;:0,&quot;335559739&quot;:0}\">\u00a0<\/span><\/li>\n<li><span class=\"TextRun SCXW162571019 BCX0\" lang=\"ES-ES\" xml:lang=\"ES-ES\" data-contrast=\"auto\"><span class=\"NormalTextRun SCXW162571019 BCX0\"><strong>2020<\/strong>: 10 medallas y r\u00e9cord hist\u00f3rico de oros (6).<\/span><\/span><span class=\"EOP SCXW162571019 BCX0\" data-ccp-props=\"{&quot;134233117&quot;:false,&quot;134233118&quot;:false,&quot;335559738&quot;:0,&quot;335559739&quot;:0}\">\u00a0<\/span><\/li>\n<li><span class=\"TextRun SCXW67468592 BCX0\" lang=\"ES-ES\" xml:lang=\"ES-ES\" data-contrast=\"auto\"><span class=\"NormalTextRun SCXW67468592 BCX0\"><strong>2023<\/strong>: 9 medallas.<\/span><\/span><span class=\"EOP SCXW67468592 BCX0\" data-ccp-props=\"{&quot;134233117&quot;:false,&quot;134233118&quot;:false,&quot;335559738&quot;:0,&quot;335559739&quot;:0}\">\u00a0<\/span><\/li>\n<li><span class=\"TextRun SCXW12610116 BCX0\" lang=\"ES-ES\" xml:lang=\"ES-ES\" data-contrast=\"auto\"><span class=\"NormalTextRun SCXW12610116 BCX0\"><strong>2024<\/strong>: 6 medallas, gran parte en barcos de equipo.<\/span><\/span><span class=\"EOP SCXW12610116 BCX0\" data-ccp-props=\"{&quot;134233117&quot;:false,&quot;134233118&quot;:false,&quot;335559738&quot;:0,&quot;335559739&quot;:0}\">\u00a0<\/span><\/li>\n<li><span class=\"TextRun SCXW133487030 BCX0\" lang=\"ES-ES\" xml:lang=\"ES-ES\" data-contrast=\"auto\"><span class=\"NormalTextRun SCXW133487030 BCX0\"><strong>2025<\/strong>: 13 medallas, con r\u00e9cord de medallistas anuales, un total de 35.<\/span><\/span><span class=\"EOP SCXW133487030 BCX0\" data-ccp-props=\"{&quot;134233117&quot;:false,&quot;134233118&quot;:false,&quot;335559738&quot;:0,&quot;335559739&quot;:0}\">\u00a0<\/span><\/li>\n<\/ul>\n<p>[\/et_pb_text][et_pb_text _builder_version=\u00bb4.8.1&#8243; _module_preset=\u00bbdefault\u00bb]<div id=\"attachment_3914\" style=\"width: 1034px\" class=\"wp-caption alignnone\"><img aria-describedby=\"caption-attachment-3914\" loading=\"lazy\" class=\"wp-image-3914 size-large\" src=\"https:\/\/www.santiagotarrak.com\/wp-content\/uploads\/2025\/08\/remo-2020-1024x569.png\" alt=\"\" width=\"1024\" height=\"569\" srcset=\"https:\/\/www.santiagotarrak.com\/wp-content\/uploads\/2025\/08\/remo-2020-1024x569.png 1024w, https:\/\/www.santiagotarrak.com\/wp-content\/uploads\/2025\/08\/remo-2020-980x544.png 980w, https:\/\/www.santiagotarrak.com\/wp-content\/uploads\/2025\/08\/remo-2020-480x267.png 480w\" sizes=\"(min-width: 0px) and (max-width: 480px) 480px, (min-width: 481px) and (max-width: 980px) 980px, (min-width: 981px) 1024px, 100vw\" \/><p id=\"caption-attachment-3914\" class=\"wp-caption-text\">\u00a9 JJ Portos<\/p><\/div>[\/et_pb_text][et_pb_text _builder_version=\u00bb4.8.1&#8243; _module_preset=\u00bbdefault\u00bb]<\/p>\n<p><span data-contrast=\"auto\">Este crecimiento hace necesario reorganizar la estructura de los equipos para optimizar los recursos y potenciar los resultados deportivos.<\/span><span data-ccp-props=\"{&quot;134233117&quot;:false,&quot;134233118&quot;:false,&quot;335559738&quot;:0,&quot;335559739&quot;:180}\">\u00a0<\/span><\/p>\n<p><span data-contrast=\"auto\">En el plano internacional, destacan varios nombres:<\/span><\/p>\n<div id=\"attachment_3917\" style=\"width: 424px\" class=\"wp-caption alignright\"><img aria-describedby=\"caption-attachment-3917\" loading=\"lazy\" class=\"wp-image-3917 \" src=\"https:\/\/www.santiagotarrak.com\/wp-content\/uploads\/2025\/08\/BT2_8966_1000x1000.jpg\" alt=\"\" width=\"414\" height=\"276\" \/><p id=\"caption-attachment-3917\" class=\"wp-caption-text\">Naroa Zubimendi \/ \u00a9 World Rowing \/ Benedict Tufnell<\/p><\/div>\n<ul>\n<li><span class=\"TextRun SCXW128820782 BCX0\" lang=\"ES-ES\" xml:lang=\"ES-ES\" data-contrast=\"auto\"><strong><span class=\"NormalTextRun SpellingErrorV2Themed SCXW128820782 BCX0\">Aitzpea<\/span><\/strong><span class=\"NormalTextRun SCXW128820782 BCX0\"><strong> Gonz\u00e1lez<\/strong>: sigue compitiendo con la selecci\u00f3n nacional, tanto en categor\u00eda sub23 como absoluta.<\/span><\/span><span class=\"EOP SCXW128820782 BCX0\" data-ccp-props=\"{&quot;134233117&quot;:false,&quot;134233118&quot;:false,&quot;335559738&quot;:0,&quot;335559739&quot;:0}\">\u00a0<\/span><\/li>\n<li><span class=\"TextRun SCXW136908205 BCX0\" lang=\"ES-ES\" xml:lang=\"ES-ES\" data-contrast=\"auto\"><span class=\"NormalTextRun SCXW136908205 BCX0\"><strong>Naroa Zubimendi<\/strong>: cuarta en el <\/span><span class=\"NormalTextRun ContextualSpellingAndGrammarErrorV2Themed SCXW136908205 BCX0\">Europeo<\/span><span class=\"NormalTextRun SCXW136908205 BCX0\"> juvenil y octava en el Mundial juvenil (2-); <strong>plata en el Mundial sub23 de 2024<\/strong>, mejor marca hist\u00f3rica de la secci\u00f3n.<\/span><\/span><span class=\"EOP SCXW136908205 BCX0\" data-ccp-props=\"{&quot;134233117&quot;:false,&quot;134233118&quot;:false,&quot;335559738&quot;:0,&quot;335559739&quot;:0}\">\u00a0<\/span><\/li>\n<li><span class=\"TextRun SCXW28959135 BCX0\" lang=\"ES-ES\" xml:lang=\"ES-ES\" data-contrast=\"auto\"><span class=\"NormalTextRun SCXW28959135 BCX0\"><strong>Maialen Mielgo<\/strong>: participante en el Mundial sub23 de 2022.<\/span><\/span><span class=\"EOP SCXW28959135 BCX0\" data-ccp-props=\"{&quot;134233117&quot;:false,&quot;134233118&quot;:false,&quot;335559738&quot;:0,&quot;335559739&quot;:0}\">\u00a0<\/span><\/li>\n<li><span class=\"TextRun SCXW2822250 BCX0\" lang=\"ES-ES\" xml:lang=\"ES-ES\" data-contrast=\"auto\"><strong><span class=\"NormalTextRun SCXW2822250 BCX0\">Leire <\/span><span class=\"NormalTextRun SpellingErrorV2Themed SCXW2822250 BCX0\">Navaridas<\/span><\/strong><span class=\"NormalTextRun SCXW2822250 BCX0\"> y <strong>Jone Laguardi<\/strong>a: participantes en el <\/span><span class=\"NormalTextRun ContextualSpellingAndGrammarErrorV2Themed SCXW2822250 BCX0\">Europeo<\/span><span class=\"NormalTextRun SCXW2822250 BCX0\"> juvenil 2025. Adem\u00e1s, Leire compiti\u00f3 en la Copa de la Juventud 2024.<\/span><\/span><\/li>\n<\/ul>\n<p>[\/et_pb_text][\/et_pb_column_inner][\/et_pb_row_inner][et_pb_row_inner _builder_version=\u00bb4.8.1&#8243; _module_preset=\u00bbdefault\u00bb locked=\u00bboff\u00bb][et_pb_column_inner saved_specialty_column_type=\u00bb3_4&#8243; _builder_version=\u00bb4.8.1&#8243; _module_preset=\u00bbdefault\u00bb][et_pb_text _builder_version=\u00bb4.8.1&#8243; _module_preset=\u00bbdefault\u00bb]<\/p>\n<h2><span class=\"TextRun SCXW90952016 BCX0\" lang=\"ES-ES\" xml:lang=\"ES-ES\" data-contrast=\"auto\"><span class=\"NormalTextRun SCXW90952016 BCX0\">Mirando al futuro<\/span><\/span><span class=\"EOP SCXW90952016 BCX0\" data-ccp-props=\"{&quot;134233117&quot;:false,&quot;134233118&quot;:false,&quot;335559738&quot;:0,&quot;335559739&quot;:210}\">\u00a0<\/span><\/h2>\n<p><span class=\"TextRun SCXW38170638 BCX0\" lang=\"ES-ES\" xml:lang=\"ES-ES\" data-contrast=\"auto\"><span class=\"NormalTextRun SCXW38170638 BCX0\">El camino recorrido desde 1981 hasta hoy ha estado marcado por el esfuerzo, la constancia y la pasi\u00f3n de muchas generaciones de remeros, remeras, entrenadores y colaboradores. La secci\u00f3n de remo de la S.D. <\/span><span class=\"NormalTextRun SpellingErrorV2Themed SCXW38170638 BCX0\">Santiagotarrak<\/span><span class=\"NormalTextRun SCXW38170638 BCX0\"> se ha consolidado como una referencia a nivel estatal y sigue creciendo con una base s\u00f3lida, una estructura bien organizada y una cantera prometedora.<\/span><\/span><span class=\"EOP SCXW38170638 BCX0\" data-ccp-props=\"{&quot;134233117&quot;:false,&quot;134233118&quot;:false,&quot;335559738&quot;:0,&quot;335559739&quot;:180}\">\u00a0<\/span><\/p>\n<p>[\/et_pb_text][et_pb_text _builder_version=\u00bb4.8.1&#8243; _module_preset=\u00bbdefault\u00bb]<div id=\"attachment_3920\" style=\"width: 1034px\" class=\"wp-caption alignnone\"><img aria-describedby=\"caption-attachment-3920\" loading=\"lazy\" class=\"wp-image-3920 size-large\" src=\"https:\/\/www.santiagotarrak.com\/wp-content\/uploads\/2025\/08\/remo-futuro-1024x569.png\" alt=\"\" width=\"1024\" height=\"569\" srcset=\"https:\/\/www.santiagotarrak.com\/wp-content\/uploads\/2025\/08\/remo-futuro-1024x569.png 1024w, https:\/\/www.santiagotarrak.com\/wp-content\/uploads\/2025\/08\/remo-futuro-980x544.png 980w, https:\/\/www.santiagotarrak.com\/wp-content\/uploads\/2025\/08\/remo-futuro-480x267.png 480w\" sizes=\"(min-width: 0px) and (max-width: 480px) 480px, (min-width: 481px) and (max-width: 980px) 980px, (min-width: 981px) 1024px, 100vw\" \/><p id=\"caption-attachment-3920\" class=\"wp-caption-text\">\u00a9 JJ Portos<\/p><\/div>[\/et_pb_text][et_pb_text _builder_version=\u00bb4.8.1&#8243; _module_preset=\u00bbdefault\u00bb]<\/p>\n<p><span class=\"TextRun SCXW139830656 BCX0\" lang=\"ES-ES\" xml:lang=\"ES-ES\" data-contrast=\"auto\"><span class=\"NormalTextRun SCXW139830656 BCX0\">Con m\u00e1s de 100 integrantes y una trayectoria en constante ascenso, el objetivo es claro: seguir formando personas a trav\u00e9s del deporte, alcanzar nuevos logros y mantener el esp\u00edritu de equipo que ha sido el motor de esta secci\u00f3n durante m\u00e1s de cuatro d\u00e9cadas. El futuro se presenta ilusionante, y el remo seguir\u00e1 siendo una pieza clave en la historia y el presente del club.<\/span><\/span><span class=\"EOP SCXW139830656 BCX0\" data-ccp-props=\"{&quot;134233117&quot;:false,&quot;134233118&quot;:false,&quot;335559738&quot;:0,&quot;335559739&quot;:180}\">\u00a0<\/span><\/p>\n<p>[\/et_pb_text][\/et_pb_column_inner][\/et_pb_row_inner][\/et_pb_column][\/et_pb_section]<\/p>\n","protected":false},"excerpt":{"rendered":"<p>[et_pb_section fb_built=\u00bb1&#8243; module_class=\u00bbheader-section\u00bb _builder_version=\u00bb4.8.1&#8243; background_image=\u00bbhttps:\/\/www.santiagotarrak.com\/wp-content\/uploads\/2021\/02\/24983157844_ce84bee4c4_o.jpg\u00bb locked=\u00bboff\u00bb][et_pb_row _builder_version=\u00bb4.0.6&#8243;][et_pb_column type=\u00bb4_4&#8243; _builder_version=\u00bb4.0.6&#8243;][et_pb_text admin_label=\u00bbRemo\u00bb _builder_version=\u00bb4.0.6&#8243; locked=\u00bboff\u00bb] Remo [\/et_pb_text][\/et_pb_column][\/et_pb_row][\/et_pb_section][et_pb_section fb_built=\u00bb1&#8243; specialty=\u00bbon\u00bb _builder_version=\u00bb4.0.6&#8243; locked=\u00bboff\u00bb][et_pb_column type=\u00bb1_4&#8243; _builder_version=\u00bb3.25&#8243; custom_padding=\u00bb|||\u00bb custom_padding__hover=\u00bb|||\u00bb][et_pb_menu menu_id=\u00bb3&#8243; module_class=\u00bbmenu-seccion\u00bb _builder_version=\u00bb4.0.6&#8243; locked=\u00bboff\u00bb][\/et_pb_menu][\/et_pb_column][et_pb_column type=\u00bb3_4&#8243; specialty_columns=\u00bb3&#8243; _builder_version=\u00bb3.25&#8243; custom_padding=\u00bb|||\u00bb custom_padding__hover=\u00bb|||\u00bb][et_pb_row_inner _builder_version=\u00bb4.0.6&#8243; admin_label=\u00bbFila\u00bb locked=\u00bboff\u00bb][et_pb_column_inner saved_specialty_column_type=\u00bb3_4&#8243; _builder_version=\u00bb4.0.6&#8243;][et_pb_text admin_label=\u00bbHistoria\u00bb _builder_version=\u00bb4.0.6&#8243; custom_margin=\u00bb||0px||false|false\u00bb] Historia [\/et_pb_text][et_pb_text _builder_version=\u00bb4.8.1&#8243; custom_margin=\u00bb0px||0px||false|false\u00bb custom_padding=\u00bb0px||||false|false\u00bb] Los comienzos: la d\u00e9cada de los 80\u00a0 La secci\u00f3n de remo [&hellip;]<\/p>\n","protected":false},"author":1,"featured_media":0,"parent":233,"menu_order":4,"comment_status":"closed","ping_status":"closed","template":"","meta":{"_et_pb_use_builder":"on","_et_pb_old_content":"","_et_gb_content_width":""},"yoast_head":"<!-- This site is optimized with the Yoast SEO plugin v17.5 - https:\/\/yoast.com\/wordpress\/plugins\/seo\/ -->\n<title>Historia - Santiagotarrak<\/title>\n<meta name=\"robots\" content=\"index, follow, max-snippet:-1, max-image-preview:large, max-video-preview:-1\" \/>\n<link rel=\"canonical\" href=\"https:\/\/www.santiagotarrak.com\/es\/competicion\/remo\/historia\/\" \/>\n<meta property=\"og:locale\" content=\"es_ES\" \/>\n<meta property=\"og:type\" content=\"article\" \/>\n<meta property=\"og:title\" content=\"Historia - Santiagotarrak\" \/>\n<meta property=\"og:description\" content=\"[et_pb_section fb_built=\u00bb1&#8243; module_class=\u00bbheader-section\u00bb _builder_version=\u00bb4.8.1&#8243; background_image=\u00bbhttps:\/\/www.santiagotarrak.com\/wp-content\/uploads\/2021\/02\/24983157844_ce84bee4c4_o.jpg\u00bb locked=\u00bboff\u00bb][et_pb_row _builder_version=\u00bb4.0.6&#8243;][et_pb_column type=\u00bb4_4&#8243; _builder_version=\u00bb4.0.6&#8243;][et_pb_text admin_label=\u00bbRemo\u00bb _builder_version=\u00bb4.0.6&#8243; locked=\u00bboff\u00bb] Remo [\/et_pb_text][\/et_pb_column][\/et_pb_row][\/et_pb_section][et_pb_section fb_built=\u00bb1&#8243; specialty=\u00bbon\u00bb _builder_version=\u00bb4.0.6&#8243; locked=\u00bboff\u00bb][et_pb_column type=\u00bb1_4&#8243; _builder_version=\u00bb3.25&#8243; custom_padding=\u00bb|||\u00bb custom_padding__hover=\u00bb|||\u00bb][et_pb_menu menu_id=\u00bb3&#8243; module_class=\u00bbmenu-seccion\u00bb _builder_version=\u00bb4.0.6&#8243; locked=\u00bboff\u00bb][\/et_pb_menu][\/et_pb_column][et_pb_column type=\u00bb3_4&#8243; specialty_columns=\u00bb3&#8243; _builder_version=\u00bb3.25&#8243; custom_padding=\u00bb|||\u00bb custom_padding__hover=\u00bb|||\u00bb][et_pb_row_inner _builder_version=\u00bb4.0.6&#8243; admin_label=\u00bbFila\u00bb locked=\u00bboff\u00bb][et_pb_column_inner saved_specialty_column_type=\u00bb3_4&#8243; _builder_version=\u00bb4.0.6&#8243;][et_pb_text admin_label=\u00bbHistoria\u00bb _builder_version=\u00bb4.0.6&#8243; custom_margin=\u00bb||0px||false|false\u00bb] Historia [\/et_pb_text][et_pb_text _builder_version=\u00bb4.8.1&#8243; custom_margin=\u00bb0px||0px||false|false\u00bb custom_padding=\u00bb0px||||false|false\u00bb] Los comienzos: la d\u00e9cada de los 80\u00a0 La secci\u00f3n de remo [&hellip;]\" \/>\n<meta property=\"og:url\" content=\"https:\/\/www.santiagotarrak.com\/es\/competicion\/remo\/historia\/\" \/>\n<meta property=\"og:site_name\" content=\"Santiagotarrak\" \/>\n<meta property=\"article:publisher\" content=\"http:\/\/www.facebook.com\/Santiagotarrak\/\" \/>\n<meta property=\"article:modified_time\" content=\"2026-04-15T11:09:04+00:00\" \/>\n<meta property=\"og:image\" content=\"https:\/\/www.santiagotarrak.com\/wp-content\/uploads\/2020\/07\/Trainera.png\" \/>\n<meta name=\"twitter:card\" content=\"summary_large_image\" \/>\n<meta name=\"twitter:label1\" content=\"Tiempo de lectura\" \/>\n\t<meta name=\"twitter:data1\" content=\"4 minutos\" \/>\n<script type=\"application\/ld+json\" class=\"yoast-schema-graph\">{\"@context\":\"https:\/\/schema.org\",\"@graph\":[{\"@type\":\"Organization\",\"@id\":\"https:\/\/www.santiagotarrak.com\/#organization\",\"name\":\"Santiagotarrak\",\"url\":\"https:\/\/www.santiagotarrak.com\/\",\"sameAs\":[\"http:\/\/www.facebook.com\/Santiagotarrak\/\",\"http:\/\/www.instagram.com\/santiagotarrak\/\"],\"logo\":{\"@type\":\"ImageObject\",\"@id\":\"https:\/\/www.santiagotarrak.com\/#logo\",\"inLanguage\":\"es\",\"url\":\"https:\/\/www.santiagotarrak.com\/wp-content\/uploads\/2020\/07\/santiagotarrak.jpg\",\"contentUrl\":\"https:\/\/www.santiagotarrak.com\/wp-content\/uploads\/2020\/07\/santiagotarrak.jpg\",\"width\":400,\"height\":96,\"caption\":\"Santiagotarrak\"},\"image\":{\"@id\":\"https:\/\/www.santiagotarrak.com\/#logo\"}},{\"@type\":\"WebSite\",\"@id\":\"https:\/\/www.santiagotarrak.com\/#website\",\"url\":\"https:\/\/www.santiagotarrak.com\/\",\"name\":\"Santiagotarrak\",\"description\":\"Pirag\\u00fcismo y remo en el r\\u00edo Bidasoa\",\"publisher\":{\"@id\":\"https:\/\/www.santiagotarrak.com\/#organization\"},\"potentialAction\":[{\"@type\":\"SearchAction\",\"target\":{\"@type\":\"EntryPoint\",\"urlTemplate\":\"https:\/\/www.santiagotarrak.com\/?s={search_term_string}\"},\"query-input\":\"required name=search_term_string\"}],\"inLanguage\":\"es\"},{\"@type\":\"ImageObject\",\"@id\":\"https:\/\/www.santiagotarrak.com\/es\/competicion\/remo\/historia\/#primaryimage\",\"inLanguage\":\"es\",\"url\":\"https:\/\/www.santiagotarrak.com\/wp-content\/uploads\/2020\/07\/Trainera.png\",\"contentUrl\":\"https:\/\/www.santiagotarrak.com\/wp-content\/uploads\/2020\/07\/Trainera.png\",\"width\":600,\"height\":400},{\"@type\":\"WebPage\",\"@id\":\"https:\/\/www.santiagotarrak.com\/es\/competicion\/remo\/historia\/#webpage\",\"url\":\"https:\/\/www.santiagotarrak.com\/es\/competicion\/remo\/historia\/\",\"name\":\"Historia - Santiagotarrak\",\"isPartOf\":{\"@id\":\"https:\/\/www.santiagotarrak.com\/#website\"},\"primaryImageOfPage\":{\"@id\":\"https:\/\/www.santiagotarrak.com\/es\/competicion\/remo\/historia\/#primaryimage\"},\"datePublished\":\"2020-03-21T07:20:54+00:00\",\"dateModified\":\"2026-04-15T11:09:04+00:00\",\"breadcrumb\":{\"@id\":\"https:\/\/www.santiagotarrak.com\/es\/competicion\/remo\/historia\/#breadcrumb\"},\"inLanguage\":\"es\",\"potentialAction\":[{\"@type\":\"ReadAction\",\"target\":[\"https:\/\/www.santiagotarrak.com\/es\/competicion\/remo\/historia\/\"]}]},{\"@type\":\"BreadcrumbList\",\"@id\":\"https:\/\/www.santiagotarrak.com\/es\/competicion\/remo\/historia\/#breadcrumb\",\"itemListElement\":[{\"@type\":\"ListItem\",\"position\":1,\"name\":\"Portada\",\"item\":\"https:\/\/www.santiagotarrak.com\/es\/\"},{\"@type\":\"ListItem\",\"position\":2,\"name\":\"Competici\\u00f3n\",\"item\":\"https:\/\/www.santiagotarrak.com\/es\/competicion\/\"},{\"@type\":\"ListItem\",\"position\":3,\"name\":\"Remo\",\"item\":\"https:\/\/www.santiagotarrak.com\/es\/competicion\/remo\/\"},{\"@type\":\"ListItem\",\"position\":4,\"name\":\"Historia\"}]}]}<\/script>\n<!-- \/ Yoast SEO plugin. -->","yoast_head_json":{"title":"Historia - Santiagotarrak","robots":{"index":"index","follow":"follow","max-snippet":"max-snippet:-1","max-image-preview":"max-image-preview:large","max-video-preview":"max-video-preview:-1"},"canonical":"https:\/\/www.santiagotarrak.com\/es\/competicion\/remo\/historia\/","og_locale":"es_ES","og_type":"article","og_title":"Historia - Santiagotarrak","og_description":"[et_pb_section fb_built=\u00bb1&#8243; module_class=\u00bbheader-section\u00bb _builder_version=\u00bb4.8.1&#8243; background_image=\u00bbhttps:\/\/www.santiagotarrak.com\/wp-content\/uploads\/2021\/02\/24983157844_ce84bee4c4_o.jpg\u00bb locked=\u00bboff\u00bb][et_pb_row _builder_version=\u00bb4.0.6&#8243;][et_pb_column type=\u00bb4_4&#8243; _builder_version=\u00bb4.0.6&#8243;][et_pb_text admin_label=\u00bbRemo\u00bb _builder_version=\u00bb4.0.6&#8243; locked=\u00bboff\u00bb] Remo [\/et_pb_text][\/et_pb_column][\/et_pb_row][\/et_pb_section][et_pb_section fb_built=\u00bb1&#8243; specialty=\u00bbon\u00bb _builder_version=\u00bb4.0.6&#8243; locked=\u00bboff\u00bb][et_pb_column type=\u00bb1_4&#8243; _builder_version=\u00bb3.25&#8243; custom_padding=\u00bb|||\u00bb custom_padding__hover=\u00bb|||\u00bb][et_pb_menu menu_id=\u00bb3&#8243; module_class=\u00bbmenu-seccion\u00bb _builder_version=\u00bb4.0.6&#8243; locked=\u00bboff\u00bb][\/et_pb_menu][\/et_pb_column][et_pb_column type=\u00bb3_4&#8243; specialty_columns=\u00bb3&#8243; _builder_version=\u00bb3.25&#8243; custom_padding=\u00bb|||\u00bb custom_padding__hover=\u00bb|||\u00bb][et_pb_row_inner _builder_version=\u00bb4.0.6&#8243; admin_label=\u00bbFila\u00bb locked=\u00bboff\u00bb][et_pb_column_inner saved_specialty_column_type=\u00bb3_4&#8243; _builder_version=\u00bb4.0.6&#8243;][et_pb_text admin_label=\u00bbHistoria\u00bb _builder_version=\u00bb4.0.6&#8243; custom_margin=\u00bb||0px||false|false\u00bb] Historia [\/et_pb_text][et_pb_text _builder_version=\u00bb4.8.1&#8243; custom_margin=\u00bb0px||0px||false|false\u00bb custom_padding=\u00bb0px||||false|false\u00bb] Los comienzos: la d\u00e9cada de los 80\u00a0 La secci\u00f3n de remo [&hellip;]","og_url":"https:\/\/www.santiagotarrak.com\/es\/competicion\/remo\/historia\/","og_site_name":"Santiagotarrak","article_publisher":"http:\/\/www.facebook.com\/Santiagotarrak\/","article_modified_time":"2026-04-15T11:09:04+00:00","og_image":[{"url":"https:\/\/www.santiagotarrak.com\/wp-content\/uploads\/2020\/07\/Trainera.png"}],"twitter_card":"summary_large_image","twitter_misc":{"Tiempo de lectura":"4 minutos"},"schema":{"@context":"https:\/\/schema.org","@graph":[{"@type":"Organization","@id":"https:\/\/www.santiagotarrak.com\/#organization","name":"Santiagotarrak","url":"https:\/\/www.santiagotarrak.com\/","sameAs":["http:\/\/www.facebook.com\/Santiagotarrak\/","http:\/\/www.instagram.com\/santiagotarrak\/"],"logo":{"@type":"ImageObject","@id":"https:\/\/www.santiagotarrak.com\/#logo","inLanguage":"es","url":"https:\/\/www.santiagotarrak.com\/wp-content\/uploads\/2020\/07\/santiagotarrak.jpg","contentUrl":"https:\/\/www.santiagotarrak.com\/wp-content\/uploads\/2020\/07\/santiagotarrak.jpg","width":400,"height":96,"caption":"Santiagotarrak"},"image":{"@id":"https:\/\/www.santiagotarrak.com\/#logo"}},{"@type":"WebSite","@id":"https:\/\/www.santiagotarrak.com\/#website","url":"https:\/\/www.santiagotarrak.com\/","name":"Santiagotarrak","description":"Pirag\u00fcismo y remo en el r\u00edo Bidasoa","publisher":{"@id":"https:\/\/www.santiagotarrak.com\/#organization"},"potentialAction":[{"@type":"SearchAction","target":{"@type":"EntryPoint","urlTemplate":"https:\/\/www.santiagotarrak.com\/?s={search_term_string}"},"query-input":"required name=search_term_string"}],"inLanguage":"es"},{"@type":"ImageObject","@id":"https:\/\/www.santiagotarrak.com\/es\/competicion\/remo\/historia\/#primaryimage","inLanguage":"es","url":"https:\/\/www.santiagotarrak.com\/wp-content\/uploads\/2020\/07\/Trainera.png","contentUrl":"https:\/\/www.santiagotarrak.com\/wp-content\/uploads\/2020\/07\/Trainera.png","width":600,"height":400},{"@type":"WebPage","@id":"https:\/\/www.santiagotarrak.com\/es\/competicion\/remo\/historia\/#webpage","url":"https:\/\/www.santiagotarrak.com\/es\/competicion\/remo\/historia\/","name":"Historia - Santiagotarrak","isPartOf":{"@id":"https:\/\/www.santiagotarrak.com\/#website"},"primaryImageOfPage":{"@id":"https:\/\/www.santiagotarrak.com\/es\/competicion\/remo\/historia\/#primaryimage"},"datePublished":"2020-03-21T07:20:54+00:00","dateModified":"2026-04-15T11:09:04+00:00","breadcrumb":{"@id":"https:\/\/www.santiagotarrak.com\/es\/competicion\/remo\/historia\/#breadcrumb"},"inLanguage":"es","potentialAction":[{"@type":"ReadAction","target":["https:\/\/www.santiagotarrak.com\/es\/competicion\/remo\/historia\/"]}]},{"@type":"BreadcrumbList","@id":"https:\/\/www.santiagotarrak.com\/es\/competicion\/remo\/historia\/#breadcrumb","itemListElement":[{"@type":"ListItem","position":1,"name":"Portada","item":"https:\/\/www.santiagotarrak.com\/es\/"},{"@type":"ListItem","position":2,"name":"Competici\u00f3n","item":"https:\/\/www.santiagotarrak.com\/es\/competicion\/"},{"@type":"ListItem","position":3,"name":"Remo","item":"https:\/\/www.santiagotarrak.com\/es\/competicion\/remo\/"},{"@type":"ListItem","position":4,"name":"Historia"}]}]}},"_links":{"self":[{"href":"https:\/\/www.santiagotarrak.com\/es\/wp-json\/wp\/v2\/pages\/266"}],"collection":[{"href":"https:\/\/www.santiagotarrak.com\/es\/wp-json\/wp\/v2\/pages"}],"about":[{"href":"https:\/\/www.santiagotarrak.com\/es\/wp-json\/wp\/v2\/types\/page"}],"author":[{"embeddable":true,"href":"https:\/\/www.santiagotarrak.com\/es\/wp-json\/wp\/v2\/users\/1"}],"replies":[{"embeddable":true,"href":"https:\/\/www.santiagotarrak.com\/es\/wp-json\/wp\/v2\/comments?post=266"}],"version-history":[{"count":20,"href":"https:\/\/www.santiagotarrak.com\/es\/wp-json\/wp\/v2\/pages\/266\/revisions"}],"predecessor-version":[{"id":3940,"href":"https:\/\/www.santiagotarrak.com\/es\/wp-json\/wp\/v2\/pages\/266\/revisions\/3940"}],"up":[{"embeddable":true,"href":"https:\/\/www.santiagotarrak.com\/es\/wp-json\/wp\/v2\/pages\/233"}],"wp:attachment":[{"href":"https:\/\/www.santiagotarrak.com\/es\/wp-json\/wp\/v2\/media?parent=266"}],"curies":[{"name":"wp","href":"https:\/\/api.w.org\/{rel}","templated":true}]}}