{"id":273,"date":"2020-03-21T07:24:05","date_gmt":"2020-03-21T07:24:05","guid":{"rendered":"https:\/\/www.santiagotarrak.com\/?page_id=273"},"modified":"2025-10-16T13:55:27","modified_gmt":"2025-10-16T11:55:27","slug":"equipos","status":"publish","type":"page","link":"https:\/\/www.santiagotarrak.com\/es\/competicion\/remo\/equipos\/","title":{"rendered":"Equipos"},"content":{"rendered":"<p>[et_pb_section fb_built=\u00bb1&#8243; module_class=\u00bbheader-section\u00bb _builder_version=\u00bb4.8.1&#8243; background_image=\u00bbhttps:\/\/www.santiagotarrak.com\/wp-content\/uploads\/2025\/08\/remo-ekipo-2025.png\u00bb locked=\u00bboff\u00bb][et_pb_row _builder_version=\u00bb4.0.6&#8243;][et_pb_column type=\u00bb4_4&#8243; _builder_version=\u00bb4.0.6&#8243;][et_pb_text admin_label=\u00bbRemo\u00bb _builder_version=\u00bb4.0.6&#8243; locked=\u00bboff\u00bb]<\/p>\n<p class=\"header-h1\">Remo<\/p>\n<p>[\/et_pb_text][\/et_pb_column][\/et_pb_row][\/et_pb_section][et_pb_section fb_built=\u00bb1&#8243; specialty=\u00bbon\u00bb _builder_version=\u00bb4.0.6&#8243; locked=\u00bboff\u00bb][et_pb_column type=\u00bb1_4&#8243; _builder_version=\u00bb3.25&#8243; custom_padding=\u00bb|||\u00bb custom_padding__hover=\u00bb|||\u00bb][et_pb_menu menu_id=\u00bb3&#8243; module_class=\u00bbmenu-seccion\u00bb _builder_version=\u00bb4.0.6&#8243; locked=\u00bboff\u00bb][\/et_pb_menu][\/et_pb_column][et_pb_column type=\u00bb3_4&#8243; specialty_columns=\u00bb3&#8243; _builder_version=\u00bb3.25&#8243; custom_padding=\u00bb|||\u00bb custom_padding__hover=\u00bb|||\u00bb][et_pb_row_inner _builder_version=\u00bb4.0.6&#8243; custom_margin=\u00bb||0px||false|false\u00bb custom_padding=\u00bb||0px||false|false\u00bb][et_pb_column_inner saved_specialty_column_type=\u00bb3_4&#8243; _builder_version=\u00bb4.0.6&#8243;][et_pb_text admin_label=\u00bbEquipos\u00bb _builder_version=\u00bb4.0.6&#8243;]<\/p>\n<h1>Equipos<\/h1>\n<p>[\/et_pb_text][\/et_pb_column_inner][\/et_pb_row_inner][et_pb_row_inner module_class=\u00bbequipo\u00bb _builder_version=\u00bb4.0.6&#8243;][et_pb_column_inner saved_specialty_column_type=\u00bb3_4&#8243; _builder_version=\u00bb4.0.6&#8243;][et_pb_text admin_label=\u00bbINFANTIL\u00bb _builder_version=\u00bb4.0.6&#8243;]<\/p>\n<h3>INFANTIL<\/h3>\n<p>[\/et_pb_text][et_pb_text admin_label=\u00bbIntegrantes equipo\u00bb _builder_version=\u00bb4.8.1&#8243; hover_enabled=\u00bb0&#8243; sticky_enabled=\u00bb0&#8243;]<strong>FEMENINO<\/strong>: Izar Bereau, Ilargi Mendiluce, Emma Perez, Garazi Yarzabal<\/p>\n<p><strong>MASCULINO<\/strong>: Unai Aginagalde, Markel Amaro, Ander Delgado, Luis Gasc\u00f3n, Telmo Gonzalez, Mateo Iriarte, Alain Martin, Erik Murugarren, Marco Piquer, Martin Viniegra[\/et_pb_text][\/et_pb_column_inner][\/et_pb_row_inner][et_pb_row_inner module_class=\u00bbequipo\u00bb _builder_version=\u00bb4.0.6&#8243;][et_pb_column_inner saved_specialty_column_type=\u00bb3_4&#8243; _builder_version=\u00bb4.0.6&#8243;][et_pb_text admin_label=\u00bbCADETE\u00bb _builder_version=\u00bb4.0.6&#8243;]<\/p>\n<h3>CADETE<\/h3>\n<p>[\/et_pb_text][et_pb_text admin_label=\u00bbIntegrantes equipo\u00bb _builder_version=\u00bb4.8.1&#8243; hover_enabled=\u00bb0&#8243; sticky_enabled=\u00bb0&#8243;]<\/p>\n<p><strong>FEMENINO<\/strong>: Aisha Allai, Nahia Diez, Maisa Lakehal, Anne Martin, Ane Zabaleta <\/p>\n<p><strong>MASCULINO<\/strong>: Thomas Aguado, Julen Carro, Asier Fernandez, Oier Fernandez, Eloy Garcia, Nicolas Gasc\u00f3n, Adrian Hernanz, Marco Laguardia, Unai Martiarena, Oier Martin, Bosco Pere\u00f1a, Bruno Perez, Asier Salomao, Oier Silanes, Andoni Tipan, Marco Viniegra <\/p>\n<p>[\/et_pb_text][\/et_pb_column_inner][\/et_pb_row_inner][et_pb_row_inner module_class=\u00bbequipo\u00bb _builder_version=\u00bb4.0.6&#8243;][et_pb_column_inner saved_specialty_column_type=\u00bb3_4&#8243; _builder_version=\u00bb4.0.6&#8243;][et_pb_text admin_label=\u00bbJUVENIL\u00bb _builder_version=\u00bb4.0.6&#8243;]<\/p>\n<h3>JUVENIL<\/h3>\n<p>[\/et_pb_text][et_pb_text admin_label=\u00bbIntegrantes equipo\u00bb _builder_version=\u00bb4.8.1&#8243; hover_enabled=\u00bb0&#8243; sticky_enabled=\u00bb0&#8243;]<\/p>\n<p><strong>FEMENINO<\/strong>: Irati Loyarte, Maialen Zapiain<\/p>\n<p><strong>MASCULINO<\/strong>: Unai Arcelus, Jon Diez, Nayet Fernandez, Markel Ferreira, Alain Garcia, Martin Gonz\u00e1lez, Markel Irigoyen, Mikel Laguardia, Juan Martinez, Urko Puy, Inhar Romano, Dumitru Rus, Asier Yag\u00fce<\/p>\n<p>[\/et_pb_text][\/et_pb_column_inner][\/et_pb_row_inner][et_pb_row_inner module_class=\u00bbequipo\u00bb _builder_version=\u00bb4.0.6&#8243;][et_pb_column_inner saved_specialty_column_type=\u00bb3_4&#8243; _builder_version=\u00bb4.0.6&#8243;][et_pb_text admin_label=\u00bbSENIOR\u00bb _builder_version=\u00bb4.0.6&#8243;]<\/p>\n<h3>SENIOR<\/h3>\n<p>[\/et_pb_text][et_pb_text admin_label=\u00bbIntegrantes equipo\u00bb _builder_version=\u00bb4.8.1&#8243; hover_enabled=\u00bb0&#8243; sticky_enabled=\u00bb0&#8243;]<\/p>\n<p><strong>FEMENINO<\/strong>: Maialen Bengoetxea, Jessica Berra, Ane Calvo, Aitzpea Gonzalez, Irati Laguardia, Jone Laguardia, Leire Navaridas, Naroa Zubimendi<\/p>\n<p><strong>MASCULINO<\/strong>: Julen Beltran, Oier Emazabel, Be\u00f1at Fernandez, Igor Gomez, Ander Igui\u00f1iz, Be\u00f1at Jimenez, Aitor Olazabal, Xabier Payo, I\u00f1aki Romano, Luken Solozabal, Julen Villafranca<\/p>\n<p>[\/et_pb_text][\/et_pb_column_inner][\/et_pb_row_inner][et_pb_row_inner module_class=\u00bbequipo\u00bb _builder_version=\u00bb4.0.6&#8243;][et_pb_column_inner saved_specialty_column_type=\u00bb3_4&#8243; _builder_version=\u00bb4.0.6&#8243;][et_pb_text admin_label=\u00bbVETERANO\u00bb _builder_version=\u00bb4.8.1&#8243;]<\/p>\n<h3>VETERANO<\/h3>\n<p>[\/et_pb_text][et_pb_text admin_label=\u00bbIntegrantes equipo\u00bb _builder_version=\u00bb4.8.1&#8243; hover_enabled=\u00bb0&#8243; sticky_enabled=\u00bb0&#8243;]<\/p>\n<p><strong>FEMENINO<\/strong>: Amaia Izaguirre, Elena Laguardia, Karmele Sorondo, Arantza Zunzundegui <\/p>\n<p><strong>MASCULINO<\/strong>: Antxon Arellano, Peio Arsuaga, Alfonso Diaz, Silbore Echeveste, Aitor Gonzalez, Iker Gonzalez, Unai Goyogana, Koldo Laguardia, Joseba Larretxea, Ignacio Mancisidor, David Sevine, I\u00f1igo Tejero, Josu Villafranca, I\u00f1aki Zapirain, Xabier Zubeldia<\/p>\n<p>[\/et_pb_text][\/et_pb_column_inner][\/et_pb_row_inner][\/et_pb_column][\/et_pb_section]<\/p>\n","protected":false},"excerpt":{"rendered":"<p>[et_pb_section fb_built=\u00bb1&#8243; module_class=\u00bbheader-section\u00bb _builder_version=\u00bb4.8.1&#8243; background_image=\u00bbhttps:\/\/www.santiagotarrak.com\/wp-content\/uploads\/2025\/08\/remo-ekipo-2025.png\u00bb locked=\u00bboff\u00bb][et_pb_row _builder_version=\u00bb4.0.6&#8243;][et_pb_column type=\u00bb4_4&#8243; _builder_version=\u00bb4.0.6&#8243;][et_pb_text admin_label=\u00bbRemo\u00bb _builder_version=\u00bb4.0.6&#8243; locked=\u00bboff\u00bb] Remo [\/et_pb_text][\/et_pb_column][\/et_pb_row][\/et_pb_section][et_pb_section fb_built=\u00bb1&#8243; specialty=\u00bbon\u00bb _builder_version=\u00bb4.0.6&#8243; locked=\u00bboff\u00bb][et_pb_column type=\u00bb1_4&#8243; _builder_version=\u00bb3.25&#8243; custom_padding=\u00bb|||\u00bb custom_padding__hover=\u00bb|||\u00bb][et_pb_menu menu_id=\u00bb3&#8243; module_class=\u00bbmenu-seccion\u00bb _builder_version=\u00bb4.0.6&#8243; locked=\u00bboff\u00bb][\/et_pb_menu][\/et_pb_column][et_pb_column type=\u00bb3_4&#8243; specialty_columns=\u00bb3&#8243; _builder_version=\u00bb3.25&#8243; custom_padding=\u00bb|||\u00bb custom_padding__hover=\u00bb|||\u00bb][et_pb_row_inner _builder_version=\u00bb4.0.6&#8243; custom_margin=\u00bb||0px||false|false\u00bb custom_padding=\u00bb||0px||false|false\u00bb][et_pb_column_inner saved_specialty_column_type=\u00bb3_4&#8243; _builder_version=\u00bb4.0.6&#8243;][et_pb_text admin_label=\u00bbEquipos\u00bb _builder_version=\u00bb4.0.6&#8243;] Equipos [\/et_pb_text][\/et_pb_column_inner][\/et_pb_row_inner][et_pb_row_inner module_class=\u00bbequipo\u00bb _builder_version=\u00bb4.0.6&#8243;][et_pb_column_inner saved_specialty_column_type=\u00bb3_4&#8243; _builder_version=\u00bb4.0.6&#8243;][et_pb_text admin_label=\u00bbINFANTIL\u00bb _builder_version=\u00bb4.0.6&#8243;] INFANTIL [\/et_pb_text][et_pb_text admin_label=\u00bbIntegrantes equipo\u00bb _builder_version=\u00bb4.8.1&#8243; hover_enabled=\u00bb0&#8243; sticky_enabled=\u00bb0&#8243;]FEMENINO: Izar Bereau, [&hellip;]<\/p>\n","protected":false},"author":1,"featured_media":0,"parent":233,"menu_order":2,"comment_status":"closed","ping_status":"closed","template":"","meta":{"_et_pb_use_builder":"on","_et_pb_old_content":"","_et_gb_content_width":""},"yoast_head":"<!-- This site is optimized with the Yoast SEO plugin v17.5 - https:\/\/yoast.com\/wordpress\/plugins\/seo\/ -->\n<title>Equipos - Santiagotarrak<\/title>\n<meta name=\"robots\" content=\"index, follow, max-snippet:-1, max-image-preview:large, max-video-preview:-1\" \/>\n<link rel=\"canonical\" href=\"https:\/\/www.santiagotarrak.com\/es\/competicion\/remo\/equipos\/\" \/>\n<meta property=\"og:locale\" content=\"es_ES\" \/>\n<meta property=\"og:type\" content=\"article\" \/>\n<meta property=\"og:title\" content=\"Equipos - Santiagotarrak\" \/>\n<meta property=\"og:description\" content=\"[et_pb_section fb_built=\u00bb1&#8243; module_class=\u00bbheader-section\u00bb _builder_version=\u00bb4.8.1&#8243; background_image=\u00bbhttps:\/\/www.santiagotarrak.com\/wp-content\/uploads\/2025\/08\/remo-ekipo-2025.png\u00bb locked=\u00bboff\u00bb][et_pb_row _builder_version=\u00bb4.0.6&#8243;][et_pb_column type=\u00bb4_4&#8243; _builder_version=\u00bb4.0.6&#8243;][et_pb_text admin_label=\u00bbRemo\u00bb _builder_version=\u00bb4.0.6&#8243; locked=\u00bboff\u00bb] Remo [\/et_pb_text][\/et_pb_column][\/et_pb_row][\/et_pb_section][et_pb_section fb_built=\u00bb1&#8243; specialty=\u00bbon\u00bb _builder_version=\u00bb4.0.6&#8243; locked=\u00bboff\u00bb][et_pb_column type=\u00bb1_4&#8243; _builder_version=\u00bb3.25&#8243; custom_padding=\u00bb|||\u00bb custom_padding__hover=\u00bb|||\u00bb][et_pb_menu menu_id=\u00bb3&#8243; module_class=\u00bbmenu-seccion\u00bb _builder_version=\u00bb4.0.6&#8243; locked=\u00bboff\u00bb][\/et_pb_menu][\/et_pb_column][et_pb_column type=\u00bb3_4&#8243; specialty_columns=\u00bb3&#8243; _builder_version=\u00bb3.25&#8243; custom_padding=\u00bb|||\u00bb custom_padding__hover=\u00bb|||\u00bb][et_pb_row_inner _builder_version=\u00bb4.0.6&#8243; custom_margin=\u00bb||0px||false|false\u00bb custom_padding=\u00bb||0px||false|false\u00bb][et_pb_column_inner saved_specialty_column_type=\u00bb3_4&#8243; _builder_version=\u00bb4.0.6&#8243;][et_pb_text admin_label=\u00bbEquipos\u00bb _builder_version=\u00bb4.0.6&#8243;] Equipos [\/et_pb_text][\/et_pb_column_inner][\/et_pb_row_inner][et_pb_row_inner module_class=\u00bbequipo\u00bb _builder_version=\u00bb4.0.6&#8243;][et_pb_column_inner saved_specialty_column_type=\u00bb3_4&#8243; _builder_version=\u00bb4.0.6&#8243;][et_pb_text admin_label=\u00bbINFANTIL\u00bb _builder_version=\u00bb4.0.6&#8243;] INFANTIL [\/et_pb_text][et_pb_text admin_label=\u00bbIntegrantes equipo\u00bb _builder_version=\u00bb4.8.1&#8243; hover_enabled=\u00bb0&#8243; sticky_enabled=\u00bb0&#8243;]FEMENINO: Izar Bereau, [&hellip;]\" \/>\n<meta property=\"og:url\" content=\"https:\/\/www.santiagotarrak.com\/es\/competicion\/remo\/equipos\/\" \/>\n<meta property=\"og:site_name\" content=\"Santiagotarrak\" \/>\n<meta property=\"article:publisher\" content=\"http:\/\/www.facebook.com\/Santiagotarrak\/\" \/>\n<meta property=\"article:modified_time\" content=\"2025-10-16T11:55:27+00:00\" \/>\n<meta name=\"twitter:card\" content=\"summary_large_image\" \/>\n<meta name=\"twitter:label1\" content=\"Tiempo de lectura\" \/>\n\t<meta name=\"twitter:data1\" content=\"2 minutos\" \/>\n<script type=\"application\/ld+json\" class=\"yoast-schema-graph\">{\"@context\":\"https:\/\/schema.org\",\"@graph\":[{\"@type\":\"Organization\",\"@id\":\"https:\/\/www.santiagotarrak.com\/#organization\",\"name\":\"Santiagotarrak\",\"url\":\"https:\/\/www.santiagotarrak.com\/\",\"sameAs\":[\"http:\/\/www.facebook.com\/Santiagotarrak\/\",\"http:\/\/www.instagram.com\/santiagotarrak\/\"],\"logo\":{\"@type\":\"ImageObject\",\"@id\":\"https:\/\/www.santiagotarrak.com\/#logo\",\"inLanguage\":\"es\",\"url\":\"https:\/\/www.santiagotarrak.com\/wp-content\/uploads\/2020\/07\/santiagotarrak.jpg\",\"contentUrl\":\"https:\/\/www.santiagotarrak.com\/wp-content\/uploads\/2020\/07\/santiagotarrak.jpg\",\"width\":400,\"height\":96,\"caption\":\"Santiagotarrak\"},\"image\":{\"@id\":\"https:\/\/www.santiagotarrak.com\/#logo\"}},{\"@type\":\"WebSite\",\"@id\":\"https:\/\/www.santiagotarrak.com\/#website\",\"url\":\"https:\/\/www.santiagotarrak.com\/\",\"name\":\"Santiagotarrak\",\"description\":\"Pirag\\u00fcismo y remo en el r\\u00edo Bidasoa\",\"publisher\":{\"@id\":\"https:\/\/www.santiagotarrak.com\/#organization\"},\"potentialAction\":[{\"@type\":\"SearchAction\",\"target\":{\"@type\":\"EntryPoint\",\"urlTemplate\":\"https:\/\/www.santiagotarrak.com\/?s={search_term_string}\"},\"query-input\":\"required name=search_term_string\"}],\"inLanguage\":\"es\"},{\"@type\":\"WebPage\",\"@id\":\"https:\/\/www.santiagotarrak.com\/es\/competicion\/remo\/equipos\/#webpage\",\"url\":\"https:\/\/www.santiagotarrak.com\/es\/competicion\/remo\/equipos\/\",\"name\":\"Equipos - Santiagotarrak\",\"isPartOf\":{\"@id\":\"https:\/\/www.santiagotarrak.com\/#website\"},\"datePublished\":\"2020-03-21T07:24:05+00:00\",\"dateModified\":\"2025-10-16T11:55:27+00:00\",\"breadcrumb\":{\"@id\":\"https:\/\/www.santiagotarrak.com\/es\/competicion\/remo\/equipos\/#breadcrumb\"},\"inLanguage\":\"es\",\"potentialAction\":[{\"@type\":\"ReadAction\",\"target\":[\"https:\/\/www.santiagotarrak.com\/es\/competicion\/remo\/equipos\/\"]}]},{\"@type\":\"BreadcrumbList\",\"@id\":\"https:\/\/www.santiagotarrak.com\/es\/competicion\/remo\/equipos\/#breadcrumb\",\"itemListElement\":[{\"@type\":\"ListItem\",\"position\":1,\"name\":\"Portada\",\"item\":\"https:\/\/www.santiagotarrak.com\/es\/\"},{\"@type\":\"ListItem\",\"position\":2,\"name\":\"Competici\\u00f3n\",\"item\":\"https:\/\/www.santiagotarrak.com\/es\/competicion\/\"},{\"@type\":\"ListItem\",\"position\":3,\"name\":\"Remo\",\"item\":\"https:\/\/www.santiagotarrak.com\/es\/competicion\/remo\/\"},{\"@type\":\"ListItem\",\"position\":4,\"name\":\"Equipos\"}]}]}<\/script>\n<!-- \/ Yoast SEO plugin. -->","yoast_head_json":{"title":"Equipos - Santiagotarrak","robots":{"index":"index","follow":"follow","max-snippet":"max-snippet:-1","max-image-preview":"max-image-preview:large","max-video-preview":"max-video-preview:-1"},"canonical":"https:\/\/www.santiagotarrak.com\/es\/competicion\/remo\/equipos\/","og_locale":"es_ES","og_type":"article","og_title":"Equipos - Santiagotarrak","og_description":"[et_pb_section fb_built=\u00bb1&#8243; module_class=\u00bbheader-section\u00bb _builder_version=\u00bb4.8.1&#8243; background_image=\u00bbhttps:\/\/www.santiagotarrak.com\/wp-content\/uploads\/2025\/08\/remo-ekipo-2025.png\u00bb locked=\u00bboff\u00bb][et_pb_row _builder_version=\u00bb4.0.6&#8243;][et_pb_column type=\u00bb4_4&#8243; _builder_version=\u00bb4.0.6&#8243;][et_pb_text admin_label=\u00bbRemo\u00bb _builder_version=\u00bb4.0.6&#8243; locked=\u00bboff\u00bb] Remo [\/et_pb_text][\/et_pb_column][\/et_pb_row][\/et_pb_section][et_pb_section fb_built=\u00bb1&#8243; specialty=\u00bbon\u00bb _builder_version=\u00bb4.0.6&#8243; locked=\u00bboff\u00bb][et_pb_column type=\u00bb1_4&#8243; _builder_version=\u00bb3.25&#8243; custom_padding=\u00bb|||\u00bb custom_padding__hover=\u00bb|||\u00bb][et_pb_menu menu_id=\u00bb3&#8243; module_class=\u00bbmenu-seccion\u00bb _builder_version=\u00bb4.0.6&#8243; locked=\u00bboff\u00bb][\/et_pb_menu][\/et_pb_column][et_pb_column type=\u00bb3_4&#8243; specialty_columns=\u00bb3&#8243; _builder_version=\u00bb3.25&#8243; custom_padding=\u00bb|||\u00bb custom_padding__hover=\u00bb|||\u00bb][et_pb_row_inner _builder_version=\u00bb4.0.6&#8243; custom_margin=\u00bb||0px||false|false\u00bb custom_padding=\u00bb||0px||false|false\u00bb][et_pb_column_inner saved_specialty_column_type=\u00bb3_4&#8243; _builder_version=\u00bb4.0.6&#8243;][et_pb_text admin_label=\u00bbEquipos\u00bb _builder_version=\u00bb4.0.6&#8243;] Equipos [\/et_pb_text][\/et_pb_column_inner][\/et_pb_row_inner][et_pb_row_inner module_class=\u00bbequipo\u00bb _builder_version=\u00bb4.0.6&#8243;][et_pb_column_inner saved_specialty_column_type=\u00bb3_4&#8243; _builder_version=\u00bb4.0.6&#8243;][et_pb_text admin_label=\u00bbINFANTIL\u00bb _builder_version=\u00bb4.0.6&#8243;] INFANTIL [\/et_pb_text][et_pb_text admin_label=\u00bbIntegrantes equipo\u00bb _builder_version=\u00bb4.8.1&#8243; hover_enabled=\u00bb0&#8243; sticky_enabled=\u00bb0&#8243;]FEMENINO: Izar Bereau, [&hellip;]","og_url":"https:\/\/www.santiagotarrak.com\/es\/competicion\/remo\/equipos\/","og_site_name":"Santiagotarrak","article_publisher":"http:\/\/www.facebook.com\/Santiagotarrak\/","article_modified_time":"2025-10-16T11:55:27+00:00","twitter_card":"summary_large_image","twitter_misc":{"Tiempo de lectura":"2 minutos"},"schema":{"@context":"https:\/\/schema.org","@graph":[{"@type":"Organization","@id":"https:\/\/www.santiagotarrak.com\/#organization","name":"Santiagotarrak","url":"https:\/\/www.santiagotarrak.com\/","sameAs":["http:\/\/www.facebook.com\/Santiagotarrak\/","http:\/\/www.instagram.com\/santiagotarrak\/"],"logo":{"@type":"ImageObject","@id":"https:\/\/www.santiagotarrak.com\/#logo","inLanguage":"es","url":"https:\/\/www.santiagotarrak.com\/wp-content\/uploads\/2020\/07\/santiagotarrak.jpg","contentUrl":"https:\/\/www.santiagotarrak.com\/wp-content\/uploads\/2020\/07\/santiagotarrak.jpg","width":400,"height":96,"caption":"Santiagotarrak"},"image":{"@id":"https:\/\/www.santiagotarrak.com\/#logo"}},{"@type":"WebSite","@id":"https:\/\/www.santiagotarrak.com\/#website","url":"https:\/\/www.santiagotarrak.com\/","name":"Santiagotarrak","description":"Pirag\u00fcismo y remo en el r\u00edo Bidasoa","publisher":{"@id":"https:\/\/www.santiagotarrak.com\/#organization"},"potentialAction":[{"@type":"SearchAction","target":{"@type":"EntryPoint","urlTemplate":"https:\/\/www.santiagotarrak.com\/?s={search_term_string}"},"query-input":"required name=search_term_string"}],"inLanguage":"es"},{"@type":"WebPage","@id":"https:\/\/www.santiagotarrak.com\/es\/competicion\/remo\/equipos\/#webpage","url":"https:\/\/www.santiagotarrak.com\/es\/competicion\/remo\/equipos\/","name":"Equipos - Santiagotarrak","isPartOf":{"@id":"https:\/\/www.santiagotarrak.com\/#website"},"datePublished":"2020-03-21T07:24:05+00:00","dateModified":"2025-10-16T11:55:27+00:00","breadcrumb":{"@id":"https:\/\/www.santiagotarrak.com\/es\/competicion\/remo\/equipos\/#breadcrumb"},"inLanguage":"es","potentialAction":[{"@type":"ReadAction","target":["https:\/\/www.santiagotarrak.com\/es\/competicion\/remo\/equipos\/"]}]},{"@type":"BreadcrumbList","@id":"https:\/\/www.santiagotarrak.com\/es\/competicion\/remo\/equipos\/#breadcrumb","itemListElement":[{"@type":"ListItem","position":1,"name":"Portada","item":"https:\/\/www.santiagotarrak.com\/es\/"},{"@type":"ListItem","position":2,"name":"Competici\u00f3n","item":"https:\/\/www.santiagotarrak.com\/es\/competicion\/"},{"@type":"ListItem","position":3,"name":"Remo","item":"https:\/\/www.santiagotarrak.com\/es\/competicion\/remo\/"},{"@type":"ListItem","position":4,"name":"Equipos"}]}]}},"_links":{"self":[{"href":"https:\/\/www.santiagotarrak.com\/es\/wp-json\/wp\/v2\/pages\/273"}],"collection":[{"href":"https:\/\/www.santiagotarrak.com\/es\/wp-json\/wp\/v2\/pages"}],"about":[{"href":"https:\/\/www.santiagotarrak.com\/es\/wp-json\/wp\/v2\/types\/page"}],"author":[{"embeddable":true,"href":"https:\/\/www.santiagotarrak.com\/es\/wp-json\/wp\/v2\/users\/1"}],"replies":[{"embeddable":true,"href":"https:\/\/www.santiagotarrak.com\/es\/wp-json\/wp\/v2\/comments?post=273"}],"version-history":[{"count":27,"href":"https:\/\/www.santiagotarrak.com\/es\/wp-json\/wp\/v2\/pages\/273\/revisions"}],"predecessor-version":[{"id":3965,"href":"https:\/\/www.santiagotarrak.com\/es\/wp-json\/wp\/v2\/pages\/273\/revisions\/3965"}],"up":[{"embeddable":true,"href":"https:\/\/www.santiagotarrak.com\/es\/wp-json\/wp\/v2\/pages\/233"}],"wp:attachment":[{"href":"https:\/\/www.santiagotarrak.com\/es\/wp-json\/wp\/v2\/media?parent=273"}],"curies":[{"name":"wp","href":"https:\/\/api.w.org\/{rel}","templated":true}]}}