{"id":520,"date":"2020-06-25T06:12:14","date_gmt":"2020-06-25T06:12:14","guid":{"rendered":"https:\/\/www.santiagotarrak.com\/?page_id=520"},"modified":"2020-06-30T11:48:33","modified_gmt":"2020-06-30T11:48:33","slug":"deportistas-y-tecnicos-internacionales","status":"publish","type":"page","link":"https:\/\/www.santiagotarrak.com\/es\/competicion\/pista\/deportistas-y-tecnicos-internacionales\/","title":{"rendered":"Deportistas y t\u00e9cnicos internacionales"},"content":{"rendered":"<p>[et_pb_section fb_built=\u00bb1&#8243; module_class=\u00bbheader-section\u00bb _builder_version=\u00bb4.0.6&#8243; background_image=\u00bbhttps:\/\/www.santiagotarrak.com\/wp-content\/uploads\/2020\/03\/remo-header.jpg\u00bb background_position=\u00bbbottom_center\u00bb locked=\u00bboff\u00bb][et_pb_row _builder_version=\u00bb4.0.6&#8243;][et_pb_column type=\u00bb4_4&#8243; _builder_version=\u00bb4.0.6&#8243;][et_pb_text admin_label=\u00bbPista\u00bb _builder_version=\u00bb4.0.6&#8243; locked=\u00bboff\u00bb]<\/p>\n<p class=\"header-h1\">Pista<\/p>\n<p>[\/et_pb_text][\/et_pb_column][\/et_pb_row][\/et_pb_section][et_pb_section fb_built=\u00bb1&#8243; specialty=\u00bbon\u00bb _builder_version=\u00bb4.0.6&#8243; locked=\u00bboff\u00bb][et_pb_column type=\u00bb1_4&#8243; _builder_version=\u00bb3.25&#8243; custom_padding=\u00bb|||\u00bb custom_padding__hover=\u00bb|||\u00bb][et_pb_menu menu_id=\u00bb4&#8243; module_class=\u00bbmenu-seccion\u00bb _builder_version=\u00bb4.0.6&#8243; locked=\u00bboff\u00bb][\/et_pb_menu][\/et_pb_column][et_pb_column type=\u00bb3_4&#8243; specialty_columns=\u00bb3&#8243; _builder_version=\u00bb3.25&#8243; custom_padding=\u00bb|||\u00bb custom_padding__hover=\u00bb|||\u00bb][et_pb_row_inner _builder_version=\u00bb4.0.6&#8243;][et_pb_column_inner saved_specialty_column_type=\u00bb3_4&#8243; _builder_version=\u00bb4.0.6&#8243;][et_pb_text admin_label=\u00bbResultados\u00bb _builder_version=\u00bb4.0.6&#8243; hover_enabled=\u00bb0&#8243;]<\/p>\n<h1>Deportistas y t\u00e9cnicos internacionales de la secci\u00f3n<\/h1>\n<p>[\/et_pb_text][et_pb_text admin_label=\u00bbLos deportistas m\u00e1s destacados de la secci\u00f3n son los siguientes:\u00bb _builder_version=\u00bb4.0.6&#8243;]<\/p>\n<p>Los deportistas m\u00e1s destacados de la secci\u00f3n son los siguientes:<\/p>\n<p>[\/et_pb_text][et_pb_text admin_label=\u00bbDEPORTISTAS OL\u00cdMPICOS\u00bb _builder_version=\u00bb4.0.6&#8243;]<\/p>\n<h4>DEPORTISTAS OL\u00cdMPICOS<\/h4>\n<ul>\n<li><strong>Pedro Alegre<\/strong> &#8211; Los \u00c1ngeles (1984)<\/li>\n<li><strong>Izaskun Aranburu<\/strong> &#8211; Atlanta (1996) \/ Sydney (2000)<\/li>\n<\/ul>\n<p>[\/et_pb_text][et_pb_text admin_label=\u00bbT\u00c9CNICOS OL\u00cdMPICOS\u00bb _builder_version=\u00bb4.0.6&#8243;]<\/p>\n<p><strong><span style=\"color: #333333; font-size: 18px;\">T\u00c9CNICOS OL\u00cdMPICOS<\/span><\/strong><\/p>\n<ul>\n<li><strong>Kike L\u00f3pez<\/strong> : Entrenador del equipo femenino espa\u00f1ol, Barcelona, 1992<\/li>\n<li><strong>Javier Mart\u00ednez Vesga \u201cMusku\u201d<\/strong>: \u00e1rbitro en Barcelona 1992, Atenas 2004 y Pekin 2008<\/li>\n<\/ul>\n<p>[\/et_pb_text][et_pb_text admin_label=\u00bbVETERANOS OL\u00cdMPICOS\u00bb _builder_version=\u00bb4.0.6&#8243; custom_margin=\u00bb||0px||false|false\u00bb custom_padding=\u00bb||0px||false|false\u00bb]<\/p>\n<h4>VETERANOS OL\u00cdMPICOS (World Master Games, Tur\u00edn (2013)<\/h4>\n<ul>\n<li>Pedri Mart\u00ednez<\/li>\n<li>Jorge Van Horenbeke<\/li>\n<li>Esteban Arakama<\/li>\n<li>Ramon Gorrotxategi<\/li>\n<\/ul>\n<p>&nbsp;<\/p>\n<p>[\/et_pb_text][et_pb_divider _builder_version=\u00bb4.0.6&#8243;][\/et_pb_divider][et_pb_text _builder_version=\u00bb4.0.6&#8243;]<\/p>\n<p>Desde sus inicios los deportistas de pista han disfrutado y competido a lo largo de todo el mundo. Se han sucedido diferentes ciclos en los equipos y los m\u00e1s destacables logros deportivos son de <strong>Izaskun Aranburu<\/strong> con su doble participaci\u00f3n ol\u00edmpica; Atlanta (1996) y Sydney (2000) y <strong>Pedro Alegre<\/strong> en Los Angeles (1984).<\/p>\n<p>Detr\u00e1s de ellos muchos han podido participar en sucesivos campeonatos del Mundo y de Europa tanto en las modalidades de Sprint y de Marat\u00f3n. Muy destacable es el recorrido internacional que hizo el veterano<strong> Pedri Mart\u00ednez<\/strong> en marat\u00f3n con multiples medallas en los campeonatos del Mundo y de Europa.<\/p>\n<p>En los \u00faltimos a\u00f1os, podemos destacar en la modalidad de sprint; en 2018 Aitor Gorrotxategi, quien consigui\u00f3 el bronce en el Campeonato de Europa senior absoluto en k4 1000m. En 2019, Nerea Garc\u00eda (junior) y Aitor Gorrotxategi (sub23) compitieron en el Campeonato del Mundo Sprint en Rumania. Mientras que Telmo Fern\u00e1ndez (sub23) lo hizo en el Campeonato de Europa. Aitor tambi\u00e9n obtuvo billete para el Campeonato del Mundo Sprint Absoluto que se celebr\u00f3 en Hungr\u00eda en K4 1000m. Una vez all\u00ed consiguiendo un s\u00e9ptimo puesto.<\/p>\n<p>En cuanto a marat\u00f3n; en el verano de 2019 Intza M\u00e9ndez y Jon Moreno participaron en el Campeonato de Europa de Marat\u00f3n, disputado en Francia. Y unos meses m\u00e1s tarde ambos participaron en el Campeonato del Mundo de Marat\u00f3n en China.<\/p>\n<p>&nbsp;<\/p>\n<p>[\/et_pb_text][\/et_pb_column_inner][\/et_pb_row_inner][\/et_pb_column][\/et_pb_section]<\/p>\n","protected":false},"excerpt":{"rendered":"<p>[et_pb_section fb_built=\u00bb1&#8243; module_class=\u00bbheader-section\u00bb _builder_version=\u00bb4.0.6&#8243; background_image=\u00bbhttps:\/\/www.santiagotarrak.com\/wp-content\/uploads\/2020\/03\/remo-header.jpg\u00bb background_position=\u00bbbottom_center\u00bb locked=\u00bboff\u00bb][et_pb_row _builder_version=\u00bb4.0.6&#8243;][et_pb_column type=\u00bb4_4&#8243; _builder_version=\u00bb4.0.6&#8243;][et_pb_text admin_label=\u00bbPista\u00bb _builder_version=\u00bb4.0.6&#8243; locked=\u00bboff\u00bb] Pista [\/et_pb_text][\/et_pb_column][\/et_pb_row][\/et_pb_section][et_pb_section fb_built=\u00bb1&#8243; specialty=\u00bbon\u00bb _builder_version=\u00bb4.0.6&#8243; locked=\u00bboff\u00bb][et_pb_column type=\u00bb1_4&#8243; _builder_version=\u00bb3.25&#8243; custom_padding=\u00bb|||\u00bb custom_padding__hover=\u00bb|||\u00bb][et_pb_menu menu_id=\u00bb4&#8243; module_class=\u00bbmenu-seccion\u00bb _builder_version=\u00bb4.0.6&#8243; locked=\u00bboff\u00bb][\/et_pb_menu][\/et_pb_column][et_pb_column type=\u00bb3_4&#8243; specialty_columns=\u00bb3&#8243; _builder_version=\u00bb3.25&#8243; custom_padding=\u00bb|||\u00bb custom_padding__hover=\u00bb|||\u00bb][et_pb_row_inner _builder_version=\u00bb4.0.6&#8243;][et_pb_column_inner saved_specialty_column_type=\u00bb3_4&#8243; _builder_version=\u00bb4.0.6&#8243;][et_pb_text admin_label=\u00bbResultados\u00bb _builder_version=\u00bb4.0.6&#8243; hover_enabled=\u00bb0&#8243;] Deportistas y t\u00e9cnicos internacionales de la secci\u00f3n [\/et_pb_text][et_pb_text admin_label=\u00bbLos deportistas m\u00e1s destacados de la secci\u00f3n son los [&hellip;]<\/p>\n","protected":false},"author":1,"featured_media":0,"parent":231,"menu_order":2,"comment_status":"closed","ping_status":"closed","template":"","meta":{"_et_pb_use_builder":"on","_et_pb_old_content":"","_et_gb_content_width":""},"yoast_head":"<!-- This site is optimized with the Yoast SEO plugin v17.5 - https:\/\/yoast.com\/wordpress\/plugins\/seo\/ -->\n<title>Deportistas y t\u00e9cnicos internacionales - Santiagotarrak<\/title>\n<meta name=\"robots\" content=\"index, follow, max-snippet:-1, max-image-preview:large, max-video-preview:-1\" \/>\n<link rel=\"canonical\" href=\"https:\/\/www.santiagotarrak.com\/es\/competicion\/pista\/deportistas-y-tecnicos-internacionales\/\" \/>\n<meta property=\"og:locale\" content=\"es_ES\" \/>\n<meta property=\"og:type\" content=\"article\" \/>\n<meta property=\"og:title\" content=\"Deportistas y t\u00e9cnicos internacionales - Santiagotarrak\" \/>\n<meta property=\"og:description\" content=\"[et_pb_section fb_built=\u00bb1&#8243; module_class=\u00bbheader-section\u00bb _builder_version=\u00bb4.0.6&#8243; background_image=\u00bbhttps:\/\/www.santiagotarrak.com\/wp-content\/uploads\/2020\/03\/remo-header.jpg\u00bb background_position=\u00bbbottom_center\u00bb locked=\u00bboff\u00bb][et_pb_row _builder_version=\u00bb4.0.6&#8243;][et_pb_column type=\u00bb4_4&#8243; _builder_version=\u00bb4.0.6&#8243;][et_pb_text admin_label=\u00bbPista\u00bb _builder_version=\u00bb4.0.6&#8243; locked=\u00bboff\u00bb] Pista [\/et_pb_text][\/et_pb_column][\/et_pb_row][\/et_pb_section][et_pb_section fb_built=\u00bb1&#8243; specialty=\u00bbon\u00bb _builder_version=\u00bb4.0.6&#8243; locked=\u00bboff\u00bb][et_pb_column type=\u00bb1_4&#8243; _builder_version=\u00bb3.25&#8243; custom_padding=\u00bb|||\u00bb custom_padding__hover=\u00bb|||\u00bb][et_pb_menu menu_id=\u00bb4&#8243; module_class=\u00bbmenu-seccion\u00bb _builder_version=\u00bb4.0.6&#8243; locked=\u00bboff\u00bb][\/et_pb_menu][\/et_pb_column][et_pb_column type=\u00bb3_4&#8243; specialty_columns=\u00bb3&#8243; _builder_version=\u00bb3.25&#8243; custom_padding=\u00bb|||\u00bb custom_padding__hover=\u00bb|||\u00bb][et_pb_row_inner _builder_version=\u00bb4.0.6&#8243;][et_pb_column_inner saved_specialty_column_type=\u00bb3_4&#8243; _builder_version=\u00bb4.0.6&#8243;][et_pb_text admin_label=\u00bbResultados\u00bb _builder_version=\u00bb4.0.6&#8243; hover_enabled=\u00bb0&#8243;] Deportistas y t\u00e9cnicos internacionales de la secci\u00f3n [\/et_pb_text][et_pb_text admin_label=\u00bbLos deportistas m\u00e1s destacados de la secci\u00f3n son los [&hellip;]\" \/>\n<meta property=\"og:url\" content=\"https:\/\/www.santiagotarrak.com\/es\/competicion\/pista\/deportistas-y-tecnicos-internacionales\/\" \/>\n<meta property=\"og:site_name\" content=\"Santiagotarrak\" \/>\n<meta property=\"article:publisher\" content=\"http:\/\/www.facebook.com\/Santiagotarrak\/\" \/>\n<meta property=\"article:modified_time\" content=\"2020-06-30T11:48:33+00:00\" \/>\n<meta name=\"twitter:card\" content=\"summary_large_image\" \/>\n<meta name=\"twitter:label1\" content=\"Tiempo de lectura\" \/>\n\t<meta name=\"twitter:data1\" content=\"3 minutos\" \/>\n<script type=\"application\/ld+json\" class=\"yoast-schema-graph\">{\"@context\":\"https:\/\/schema.org\",\"@graph\":[{\"@type\":\"Organization\",\"@id\":\"https:\/\/www.santiagotarrak.com\/#organization\",\"name\":\"Santiagotarrak\",\"url\":\"https:\/\/www.santiagotarrak.com\/\",\"sameAs\":[\"http:\/\/www.facebook.com\/Santiagotarrak\/\",\"http:\/\/www.instagram.com\/santiagotarrak\/\"],\"logo\":{\"@type\":\"ImageObject\",\"@id\":\"https:\/\/www.santiagotarrak.com\/#logo\",\"inLanguage\":\"es\",\"url\":\"https:\/\/www.santiagotarrak.com\/wp-content\/uploads\/2020\/07\/santiagotarrak.jpg\",\"contentUrl\":\"https:\/\/www.santiagotarrak.com\/wp-content\/uploads\/2020\/07\/santiagotarrak.jpg\",\"width\":400,\"height\":96,\"caption\":\"Santiagotarrak\"},\"image\":{\"@id\":\"https:\/\/www.santiagotarrak.com\/#logo\"}},{\"@type\":\"WebSite\",\"@id\":\"https:\/\/www.santiagotarrak.com\/#website\",\"url\":\"https:\/\/www.santiagotarrak.com\/\",\"name\":\"Santiagotarrak\",\"description\":\"Pirag\\u00fcismo y remo en el r\\u00edo Bidasoa\",\"publisher\":{\"@id\":\"https:\/\/www.santiagotarrak.com\/#organization\"},\"potentialAction\":[{\"@type\":\"SearchAction\",\"target\":{\"@type\":\"EntryPoint\",\"urlTemplate\":\"https:\/\/www.santiagotarrak.com\/?s={search_term_string}\"},\"query-input\":\"required name=search_term_string\"}],\"inLanguage\":\"es\"},{\"@type\":\"WebPage\",\"@id\":\"https:\/\/www.santiagotarrak.com\/es\/competicion\/pista\/deportistas-y-tecnicos-internacionales\/#webpage\",\"url\":\"https:\/\/www.santiagotarrak.com\/es\/competicion\/pista\/deportistas-y-tecnicos-internacionales\/\",\"name\":\"Deportistas y t\\u00e9cnicos internacionales - Santiagotarrak\",\"isPartOf\":{\"@id\":\"https:\/\/www.santiagotarrak.com\/#website\"},\"datePublished\":\"2020-06-25T06:12:14+00:00\",\"dateModified\":\"2020-06-30T11:48:33+00:00\",\"breadcrumb\":{\"@id\":\"https:\/\/www.santiagotarrak.com\/es\/competicion\/pista\/deportistas-y-tecnicos-internacionales\/#breadcrumb\"},\"inLanguage\":\"es\",\"potentialAction\":[{\"@type\":\"ReadAction\",\"target\":[\"https:\/\/www.santiagotarrak.com\/es\/competicion\/pista\/deportistas-y-tecnicos-internacionales\/\"]}]},{\"@type\":\"BreadcrumbList\",\"@id\":\"https:\/\/www.santiagotarrak.com\/es\/competicion\/pista\/deportistas-y-tecnicos-internacionales\/#breadcrumb\",\"itemListElement\":[{\"@type\":\"ListItem\",\"position\":1,\"name\":\"Portada\",\"item\":\"https:\/\/www.santiagotarrak.com\/es\/\"},{\"@type\":\"ListItem\",\"position\":2,\"name\":\"Competici\\u00f3n\",\"item\":\"https:\/\/www.santiagotarrak.com\/es\/competicion\/\"},{\"@type\":\"ListItem\",\"position\":3,\"name\":\"Pista\",\"item\":\"https:\/\/www.santiagotarrak.com\/es\/competicion\/pista\/\"},{\"@type\":\"ListItem\",\"position\":4,\"name\":\"Deportistas y t\\u00e9cnicos internacionales\"}]}]}<\/script>\n<!-- \/ Yoast SEO plugin. -->","yoast_head_json":{"title":"Deportistas y t\u00e9cnicos internacionales - Santiagotarrak","robots":{"index":"index","follow":"follow","max-snippet":"max-snippet:-1","max-image-preview":"max-image-preview:large","max-video-preview":"max-video-preview:-1"},"canonical":"https:\/\/www.santiagotarrak.com\/es\/competicion\/pista\/deportistas-y-tecnicos-internacionales\/","og_locale":"es_ES","og_type":"article","og_title":"Deportistas y t\u00e9cnicos internacionales - Santiagotarrak","og_description":"[et_pb_section fb_built=\u00bb1&#8243; module_class=\u00bbheader-section\u00bb _builder_version=\u00bb4.0.6&#8243; background_image=\u00bbhttps:\/\/www.santiagotarrak.com\/wp-content\/uploads\/2020\/03\/remo-header.jpg\u00bb background_position=\u00bbbottom_center\u00bb locked=\u00bboff\u00bb][et_pb_row _builder_version=\u00bb4.0.6&#8243;][et_pb_column type=\u00bb4_4&#8243; _builder_version=\u00bb4.0.6&#8243;][et_pb_text admin_label=\u00bbPista\u00bb _builder_version=\u00bb4.0.6&#8243; locked=\u00bboff\u00bb] Pista [\/et_pb_text][\/et_pb_column][\/et_pb_row][\/et_pb_section][et_pb_section fb_built=\u00bb1&#8243; specialty=\u00bbon\u00bb _builder_version=\u00bb4.0.6&#8243; locked=\u00bboff\u00bb][et_pb_column type=\u00bb1_4&#8243; _builder_version=\u00bb3.25&#8243; custom_padding=\u00bb|||\u00bb custom_padding__hover=\u00bb|||\u00bb][et_pb_menu menu_id=\u00bb4&#8243; module_class=\u00bbmenu-seccion\u00bb _builder_version=\u00bb4.0.6&#8243; locked=\u00bboff\u00bb][\/et_pb_menu][\/et_pb_column][et_pb_column type=\u00bb3_4&#8243; specialty_columns=\u00bb3&#8243; _builder_version=\u00bb3.25&#8243; custom_padding=\u00bb|||\u00bb custom_padding__hover=\u00bb|||\u00bb][et_pb_row_inner _builder_version=\u00bb4.0.6&#8243;][et_pb_column_inner saved_specialty_column_type=\u00bb3_4&#8243; _builder_version=\u00bb4.0.6&#8243;][et_pb_text admin_label=\u00bbResultados\u00bb _builder_version=\u00bb4.0.6&#8243; hover_enabled=\u00bb0&#8243;] Deportistas y t\u00e9cnicos internacionales de la secci\u00f3n [\/et_pb_text][et_pb_text admin_label=\u00bbLos deportistas m\u00e1s destacados de la secci\u00f3n son los [&hellip;]","og_url":"https:\/\/www.santiagotarrak.com\/es\/competicion\/pista\/deportistas-y-tecnicos-internacionales\/","og_site_name":"Santiagotarrak","article_publisher":"http:\/\/www.facebook.com\/Santiagotarrak\/","article_modified_time":"2020-06-30T11:48:33+00:00","twitter_card":"summary_large_image","twitter_misc":{"Tiempo de lectura":"3 minutos"},"schema":{"@context":"https:\/\/schema.org","@graph":[{"@type":"Organization","@id":"https:\/\/www.santiagotarrak.com\/#organization","name":"Santiagotarrak","url":"https:\/\/www.santiagotarrak.com\/","sameAs":["http:\/\/www.facebook.com\/Santiagotarrak\/","http:\/\/www.instagram.com\/santiagotarrak\/"],"logo":{"@type":"ImageObject","@id":"https:\/\/www.santiagotarrak.com\/#logo","inLanguage":"es","url":"https:\/\/www.santiagotarrak.com\/wp-content\/uploads\/2020\/07\/santiagotarrak.jpg","contentUrl":"https:\/\/www.santiagotarrak.com\/wp-content\/uploads\/2020\/07\/santiagotarrak.jpg","width":400,"height":96,"caption":"Santiagotarrak"},"image":{"@id":"https:\/\/www.santiagotarrak.com\/#logo"}},{"@type":"WebSite","@id":"https:\/\/www.santiagotarrak.com\/#website","url":"https:\/\/www.santiagotarrak.com\/","name":"Santiagotarrak","description":"Pirag\u00fcismo y remo en el r\u00edo Bidasoa","publisher":{"@id":"https:\/\/www.santiagotarrak.com\/#organization"},"potentialAction":[{"@type":"SearchAction","target":{"@type":"EntryPoint","urlTemplate":"https:\/\/www.santiagotarrak.com\/?s={search_term_string}"},"query-input":"required name=search_term_string"}],"inLanguage":"es"},{"@type":"WebPage","@id":"https:\/\/www.santiagotarrak.com\/es\/competicion\/pista\/deportistas-y-tecnicos-internacionales\/#webpage","url":"https:\/\/www.santiagotarrak.com\/es\/competicion\/pista\/deportistas-y-tecnicos-internacionales\/","name":"Deportistas y t\u00e9cnicos internacionales - Santiagotarrak","isPartOf":{"@id":"https:\/\/www.santiagotarrak.com\/#website"},"datePublished":"2020-06-25T06:12:14+00:00","dateModified":"2020-06-30T11:48:33+00:00","breadcrumb":{"@id":"https:\/\/www.santiagotarrak.com\/es\/competicion\/pista\/deportistas-y-tecnicos-internacionales\/#breadcrumb"},"inLanguage":"es","potentialAction":[{"@type":"ReadAction","target":["https:\/\/www.santiagotarrak.com\/es\/competicion\/pista\/deportistas-y-tecnicos-internacionales\/"]}]},{"@type":"BreadcrumbList","@id":"https:\/\/www.santiagotarrak.com\/es\/competicion\/pista\/deportistas-y-tecnicos-internacionales\/#breadcrumb","itemListElement":[{"@type":"ListItem","position":1,"name":"Portada","item":"https:\/\/www.santiagotarrak.com\/es\/"},{"@type":"ListItem","position":2,"name":"Competici\u00f3n","item":"https:\/\/www.santiagotarrak.com\/es\/competicion\/"},{"@type":"ListItem","position":3,"name":"Pista","item":"https:\/\/www.santiagotarrak.com\/es\/competicion\/pista\/"},{"@type":"ListItem","position":4,"name":"Deportistas y t\u00e9cnicos internacionales"}]}]}},"_links":{"self":[{"href":"https:\/\/www.santiagotarrak.com\/es\/wp-json\/wp\/v2\/pages\/520"}],"collection":[{"href":"https:\/\/www.santiagotarrak.com\/es\/wp-json\/wp\/v2\/pages"}],"about":[{"href":"https:\/\/www.santiagotarrak.com\/es\/wp-json\/wp\/v2\/types\/page"}],"author":[{"embeddable":true,"href":"https:\/\/www.santiagotarrak.com\/es\/wp-json\/wp\/v2\/users\/1"}],"replies":[{"embeddable":true,"href":"https:\/\/www.santiagotarrak.com\/es\/wp-json\/wp\/v2\/comments?post=520"}],"version-history":[{"count":8,"href":"https:\/\/www.santiagotarrak.com\/es\/wp-json\/wp\/v2\/pages\/520\/revisions"}],"predecessor-version":[{"id":1151,"href":"https:\/\/www.santiagotarrak.com\/es\/wp-json\/wp\/v2\/pages\/520\/revisions\/1151"}],"up":[{"embeddable":true,"href":"https:\/\/www.santiagotarrak.com\/es\/wp-json\/wp\/v2\/pages\/231"}],"wp:attachment":[{"href":"https:\/\/www.santiagotarrak.com\/es\/wp-json\/wp\/v2\/media?parent=520"}],"curies":[{"name":"wp","href":"https:\/\/api.w.org\/{rel}","templated":true}]}}