{"id":1669,"date":"2020-03-21T07:24:05","date_gmt":"2020-03-21T06:24:05","guid":{"rendered":"https:\/\/www.santiagotarrak.com\/?page_id=1669"},"modified":"2025-10-16T13:57:59","modified_gmt":"2025-10-16T11:57:59","slug":"taldeak","status":"publish","type":"page","link":"https:\/\/www.santiagotarrak.com\/eu\/lehiaketa\/arrauna\/taldeak\/","title":{"rendered":"Taldeak"},"content":{"rendered":"<p>[et_pb_section fb_built=&#8221;1&#8243; module_class=&#8221;header-section&#8221; _builder_version=&#8221;4.8.1&#8243; background_image=&#8221;https:\/\/www.santiagotarrak.com\/wp-content\/uploads\/2025\/08\/remo-ekipo-2025.png&#8221; locked=&#8221;off&#8221;][et_pb_row _builder_version=&#8221;4.0.6&#8243;][et_pb_column type=&#8221;4_4&#8243; _builder_version=&#8221;4.0.6&#8243;][et_pb_text admin_label=&#8221;Remo&#8221; _builder_version=&#8221;4.6.2&#8243; locked=&#8221;off&#8221;]<\/p>\n<p class=\"header-h1\">Arrauna<\/p>\n<p>[\/et_pb_text][\/et_pb_column][\/et_pb_row][\/et_pb_section][et_pb_section fb_built=&#8221;1&#8243; specialty=&#8221;on&#8221; _builder_version=&#8221;4.0.6&#8243; locked=&#8221;off&#8221;][et_pb_column type=&#8221;1_4&#8243; _builder_version=&#8221;3.25&#8243; custom_padding=&#8221;|||&#8221; custom_padding__hover=&#8221;|||&#8221;][et_pb_menu menu_id=&#8221;3&#8243; module_class=&#8221;menu-seccion&#8221; _builder_version=&#8221;4.0.6&#8243; locked=&#8221;off&#8221;][\/et_pb_menu][\/et_pb_column][et_pb_column type=&#8221;3_4&#8243; specialty_columns=&#8221;3&#8243; _builder_version=&#8221;3.25&#8243; custom_padding=&#8221;|||&#8221; custom_padding__hover=&#8221;|||&#8221;][et_pb_row_inner _builder_version=&#8221;4.0.6&#8243; custom_margin=&#8221;||0px||false|false&#8221; custom_padding=&#8221;||0px||false|false&#8221;][et_pb_column_inner saved_specialty_column_type=&#8221;3_4&#8243; _builder_version=&#8221;4.0.6&#8243;][et_pb_text admin_label=&#8221;Equipos&#8221; _builder_version=&#8221;4.6.2&#8243;]<\/p>\n<h1>Taldeak<\/h1>\n<p>[\/et_pb_text][\/et_pb_column_inner][\/et_pb_row_inner][et_pb_row_inner module_class=&#8221;equipo&#8221; _builder_version=&#8221;4.0.6&#8243;][et_pb_column_inner saved_specialty_column_type=&#8221;3_4&#8243; _builder_version=&#8221;4.0.6&#8243;][et_pb_text admin_label=&#8221;INFANTIL&#8221; _builder_version=&#8221;4.6.2&#8243;]<\/p>\n<h3>INFANTILA<\/h3>\n<p>[\/et_pb_text][et_pb_text admin_label=&#8221;Integrantes equipo&#8221; _builder_version=&#8221;4.8.1&#8243; hover_enabled=&#8221;0&#8243; sticky_enabled=&#8221;0&#8243;]<\/p>\n<p><strong>EMAKUMEZKOENA<\/strong>:  Izar Bereau, Ilargi Mendiluce, Emma Perez, Garazi Yarzabal<\/p>\n<p><strong>GIZONEZKOENA<\/strong>: Unai Aginagalde, Markel Amaro, Ander Delgado, Luis Gasc\u00f3n, Telmo Gonzalez, Mateo Iriarte, Alain Martin, Erik Murugarren, Marco Piquer, Martin Viniegra<\/p>\n<p>[\/et_pb_text][\/et_pb_column_inner][\/et_pb_row_inner][et_pb_row_inner module_class=&#8221;equipo&#8221; _builder_version=&#8221;4.0.6&#8243;][et_pb_column_inner saved_specialty_column_type=&#8221;3_4&#8243; _builder_version=&#8221;4.0.6&#8243;][et_pb_text admin_label=&#8221;CADETE&#8221; _builder_version=&#8221;4.6.2&#8243;]<\/p>\n<h3>KADETEA<\/h3>\n<p>[\/et_pb_text][et_pb_text admin_label=&#8221;Integrantes equipo&#8221; _builder_version=&#8221;4.8.1&#8243; hover_enabled=&#8221;0&#8243; sticky_enabled=&#8221;0&#8243;]<\/p>\n<p><strong>EMAKUMEZKOENA<\/strong>: Aisha Allai, Nahia Diez, Maisa Lakehal, Anne Martin, Ane Zabaleta<\/p>\n<p><strong>GIZONEZKOENA<\/strong>: Thomas Aguado, Julen Carro, Asier Fernandez, Oier Fernandez, Eloy Garcia, Nicolas Gasc\u00f3n, Adrian Hernanz, Marco Laguardia, Unai Martiarena, Oier Martin, Bosco Pere\u00f1a, Bruno Perez, Asier Salomao, Oier Silanes, Andoni Tipan, Marco Viniegra<\/p>\n<p>[\/et_pb_text][\/et_pb_column_inner][\/et_pb_row_inner][et_pb_row_inner module_class=&#8221;equipo&#8221; _builder_version=&#8221;4.0.6&#8243;][et_pb_column_inner saved_specialty_column_type=&#8221;3_4&#8243; _builder_version=&#8221;4.0.6&#8243;][et_pb_text admin_label=&#8221;JUVENIL&#8221; _builder_version=&#8221;4.6.2&#8243;]<\/p>\n<h3>JUBENILA<\/h3>\n<p>[\/et_pb_text][et_pb_text admin_label=&#8221;Integrantes equipo&#8221; _builder_version=&#8221;4.8.1&#8243; hover_enabled=&#8221;0&#8243; sticky_enabled=&#8221;0&#8243;]<\/p>\n<p><strong>EMAKUMEZKOENA<\/strong>: Irati Loyarte, Maialen Zapiain<\/p>\n<p><strong>GIZONEZKOENA<\/strong>: Unai Arcelus, Jon Diez, Nayet Fernandez, Markel Ferreira, Alain Garcia, Martin Gonz\u00e1lez, Markel Irigoyen, Mikel Laguardia, Juan Martinez, Urko Puy, Inhar Romano, Dumitru Rus, Asier Yag\u00fce<\/p>\n<p>[\/et_pb_text][\/et_pb_column_inner][\/et_pb_row_inner][et_pb_row_inner module_class=&#8221;equipo&#8221; _builder_version=&#8221;4.0.6&#8243;][et_pb_column_inner saved_specialty_column_type=&#8221;3_4&#8243; _builder_version=&#8221;4.0.6&#8243;][et_pb_text admin_label=&#8221;SENIOR&#8221; _builder_version=&#8221;4.6.2&#8243;]<\/p>\n<h3>SENIORRA<\/h3>\n<p>[\/et_pb_text][et_pb_text admin_label=&#8221;Integrantes equipo&#8221; _builder_version=&#8221;4.8.1&#8243; hover_enabled=&#8221;0&#8243; sticky_enabled=&#8221;0&#8243;]<\/p>\n<p><strong>EMAKUMEZKOENA<\/strong>: Maialen Bengoetxea, Jessica Berra, Ane Calvo, Aitzpea Gonzalez, Irati Laguardia, Jone Laguardia, Leire Navaridas, Naroa Zubimendi<\/p>\n<p><strong>GIZONEZKOENA<\/strong>: Julen Beltran, Oier Emazabel, Be\u00f1at Fernandez, Igor Gomez, Ander Igui\u00f1iz, Be\u00f1at Jimenez, Aitor Olazabal, Xabier Payo, I\u00f1aki Romano, Luken Solozabal, Julen Villafranca<\/p>\n<p>[\/et_pb_text][\/et_pb_column_inner][\/et_pb_row_inner][et_pb_row_inner module_class=&#8221;equipo&#8221; _builder_version=&#8221;4.0.6&#8243;][et_pb_column_inner saved_specialty_column_type=&#8221;3_4&#8243; _builder_version=&#8221;4.0.6&#8243;][et_pb_text admin_label=&#8221;VETERANO&#8221; _builder_version=&#8221;4.8.1&#8243;]<\/p>\n<h3>BETERANOAK<\/h3>\n<p>[\/et_pb_text][et_pb_text admin_label=&#8221;Integrantes equipo&#8221; _builder_version=&#8221;4.8.1&#8243; hover_enabled=&#8221;0&#8243; sticky_enabled=&#8221;0&#8243;]<\/p>\n<p><strong>EMAKUMEZKOENA<\/strong>: Amaia Izaguirre, Elena Laguardia, Karmele Sorondo, Arantza Zunzundegui<\/p>\n<p><strong>GIZONEZKOENA<\/strong>: Antxon Arellano, Peio Arsuaga, Alfonso Diaz, Silbore Echeveste, Aitor Gonzalez, Iker Gonzalez, Unai Goyogana, Koldo Laguardia, Joseba Larretxea, Ignacio Mancisidor, David Sevine, I\u00f1igo Tejero, Josu Villafranca, I\u00f1aki Zapirain, Xabier Zubeldia<\/p>\n<p>[\/et_pb_text][\/et_pb_column_inner][\/et_pb_row_inner][\/et_pb_column][\/et_pb_section]<\/p>\n","protected":false},"excerpt":{"rendered":"<p>[et_pb_section fb_built=&#8221;1&#8243; module_class=&#8221;header-section&#8221; _builder_version=&#8221;4.8.1&#8243; background_image=&#8221;https:\/\/www.santiagotarrak.com\/wp-content\/uploads\/2025\/08\/remo-ekipo-2025.png&#8221; locked=&#8221;off&#8221;][et_pb_row _builder_version=&#8221;4.0.6&#8243;][et_pb_column type=&#8221;4_4&#8243; _builder_version=&#8221;4.0.6&#8243;][et_pb_text admin_label=&#8221;Remo&#8221; _builder_version=&#8221;4.6.2&#8243; locked=&#8221;off&#8221;] Arrauna [\/et_pb_text][\/et_pb_column][\/et_pb_row][\/et_pb_section][et_pb_section fb_built=&#8221;1&#8243; specialty=&#8221;on&#8221; _builder_version=&#8221;4.0.6&#8243; locked=&#8221;off&#8221;][et_pb_column type=&#8221;1_4&#8243; _builder_version=&#8221;3.25&#8243; custom_padding=&#8221;|||&#8221; custom_padding__hover=&#8221;|||&#8221;][et_pb_menu menu_id=&#8221;3&#8243; module_class=&#8221;menu-seccion&#8221; _builder_version=&#8221;4.0.6&#8243; locked=&#8221;off&#8221;][\/et_pb_menu][\/et_pb_column][et_pb_column type=&#8221;3_4&#8243; specialty_columns=&#8221;3&#8243; _builder_version=&#8221;3.25&#8243; custom_padding=&#8221;|||&#8221; custom_padding__hover=&#8221;|||&#8221;][et_pb_row_inner _builder_version=&#8221;4.0.6&#8243; custom_margin=&#8221;||0px||false|false&#8221; custom_padding=&#8221;||0px||false|false&#8221;][et_pb_column_inner saved_specialty_column_type=&#8221;3_4&#8243; _builder_version=&#8221;4.0.6&#8243;][et_pb_text admin_label=&#8221;Equipos&#8221; _builder_version=&#8221;4.6.2&#8243;] Taldeak [\/et_pb_text][\/et_pb_column_inner][\/et_pb_row_inner][et_pb_row_inner module_class=&#8221;equipo&#8221; _builder_version=&#8221;4.0.6&#8243;][et_pb_column_inner saved_specialty_column_type=&#8221;3_4&#8243; _builder_version=&#8221;4.0.6&#8243;][et_pb_text admin_label=&#8221;INFANTIL&#8221; _builder_version=&#8221;4.6.2&#8243;] INFANTILA [\/et_pb_text][et_pb_text admin_label=&#8221;Integrantes equipo&#8221; _builder_version=&#8221;4.8.1&#8243; hover_enabled=&#8221;0&#8243; sticky_enabled=&#8221;0&#8243;] EMAKUMEZKOENA: Izar [&hellip;]<\/p>\n","protected":false},"author":1,"featured_media":0,"parent":1632,"menu_order":2,"comment_status":"closed","ping_status":"closed","template":"","meta":{"_et_pb_use_builder":"on","_et_pb_old_content":"[et_pb_section fb_built=\"1\" module_class=\"header-section\" _builder_version=\"4.0.6\" background_image=\"https:\/\/www.santiagotarrak.com\/wp-content\/uploads\/2020\/03\/remo-header.jpg\" background_position=\"bottom_center\" locked=\"off\"][et_pb_row _builder_version=\"4.0.6\"][et_pb_column type=\"4_4\" _builder_version=\"4.0.6\"][et_pb_text admin_label=\"Remo\" _builder_version=\"4.0.6\" locked=\"off\"]<p class=\"header-h1\">Remo<\/p>[\/et_pb_text][\/et_pb_column][\/et_pb_row][\/et_pb_section][et_pb_section fb_built=\"1\" specialty=\"on\" _builder_version=\"4.0.6\" locked=\"off\"][et_pb_column type=\"1_4\" _builder_version=\"3.25\" custom_padding=\"|||\" custom_padding__hover=\"|||\"][et_pb_menu menu_id=\"3\" module_class=\"menu-seccion\" _builder_version=\"4.0.6\" locked=\"off\"][\/et_pb_menu][\/et_pb_column][et_pb_column type=\"3_4\" specialty_columns=\"3\" _builder_version=\"3.25\" custom_padding=\"|||\" custom_padding__hover=\"|||\"][et_pb_row_inner _builder_version=\"4.0.6\" custom_margin=\"||0px||false|false\" custom_padding=\"||0px||false|false\"][et_pb_column_inner saved_specialty_column_type=\"3_4\" _builder_version=\"4.0.6\"][et_pb_text admin_label=\"Equipos\" _builder_version=\"4.0.6\"]<h1>Equipos<\/h1>[\/et_pb_text][\/et_pb_column_inner][\/et_pb_row_inner][et_pb_row_inner module_class=\"equipo\" _builder_version=\"4.0.6\"][et_pb_column_inner saved_specialty_column_type=\"3_4\" _builder_version=\"4.0.6\"][et_pb_text admin_label=\"INFANTIL\" _builder_version=\"4.0.6\"]<h3>INFANTIL<\/h3>[\/et_pb_text][et_pb_text admin_label=\"Integrantes equipo\" _builder_version=\"4.0.6\"]<p><strong>FEMENINO<\/strong>: Maialen Bengoetxea, Jone Laguardia, Maria Martinez, Leire Navaridas<\/p>\r\n<p><strong>MASCULINO<\/strong>: Jokin Antunez, Ander Aramendi, Unai Barrondo, Bittor Basterra, Oier Emazabel, Be\u00f1at Fernendez, Aimar Gonzalez, Oier Martinez, Luken Solozabal, Julen Villafranca<\/p>[\/et_pb_text][\/et_pb_column_inner][\/et_pb_row_inner][et_pb_row_inner module_class=\"equipo\" _builder_version=\"4.0.6\"][et_pb_column_inner saved_specialty_column_type=\"3_4\" _builder_version=\"4.0.6\"][et_pb_text admin_label=\"CADETE\" _builder_version=\"4.0.6\"]<h3>CADETE<\/h3>[\/et_pb_text][et_pb_text admin_label=\"Integrantes equipo\" _builder_version=\"4.0.6\"]<p><strong>FEMENINO<\/strong>: Irantzu Arruabarrena, Nerea Bazterra, Julene Bengoetxea, Ane Calvo, Aroa Illarramendi, Irati Laguardia, Maitane Zapirain<\/p>\r\n<p><strong>MASCULINO<\/strong>: Gorka Barrondo, Alex Conde, Xabi Etxebeste, Ander Ibargoyen, Julen Marandino, Be\u00f1ar Martinez, Pablo Martinez, Ibai Otxoa, Jon Ander Penas<\/p>[\/et_pb_text][\/et_pb_column_inner][\/et_pb_row_inner][et_pb_row_inner module_class=\"equipo\" _builder_version=\"4.0.6\"][et_pb_column_inner saved_specialty_column_type=\"3_4\" _builder_version=\"4.0.6\"][et_pb_text admin_label=\"JUVENIL\" _builder_version=\"4.0.6\"]<h3>JUVENIL<\/h3>[\/et_pb_text][et_pb_text admin_label=\"Integrantes equipo\" _builder_version=\"4.0.6\"]<p><strong>FEMENINO<\/strong>: Naroa Zubimendi, Helene Sagarzazu<\/p>\r\n<p><strong>MASCULINO<\/strong>: Alvaro Garate, Be\u00f1at Jimenez, Julen Lasarte, Pablo Martinez, I\u00f1aki Romano, Ander Vazquez, Oier Zazpe<\/p>[\/et_pb_text][\/et_pb_column_inner][\/et_pb_row_inner][et_pb_row_inner module_class=\"equipo\" _builder_version=\"4.0.6\"][et_pb_column_inner saved_specialty_column_type=\"3_4\" _builder_version=\"4.0.6\"][et_pb_text admin_label=\"SENIOR\" _builder_version=\"4.0.6\"]<h3>SENIOR<\/h3>[\/et_pb_text][et_pb_text admin_label=\"Integrantes equipo\" _builder_version=\"4.0.6\"]<p><strong>FEMENINO<\/strong>: Maialen Alkorta, Jessica Berra, Amaiur Etxeberria, Aitzpea Gonzalez, Ainhoa Zapirain\r\n<\/p>\r\n<p><strong>MASCULINO<\/strong>: Jon Aizpiolea, Mikel Aragon, Igor Gomez, Osertz Gonzalez, Jokin Indias, I\u00f1igo I\u00f1arra, Asier Reguero, Martxel Tejedor, Ioritz Telleria<\/p>[\/et_pb_text][\/et_pb_column_inner][\/et_pb_row_inner][\/et_pb_column][\/et_pb_section]","_et_gb_content_width":""},"yoast_head":"<!-- This site is optimized with the Yoast SEO plugin v17.5 - https:\/\/yoast.com\/wordpress\/plugins\/seo\/ -->\n<title>Taldeak - Santiagotarrak<\/title>\n<meta name=\"robots\" content=\"index, follow, max-snippet:-1, max-image-preview:large, max-video-preview:-1\" \/>\n<link rel=\"canonical\" href=\"https:\/\/www.santiagotarrak.com\/eu\/lehiaketa\/arrauna\/taldeak\/\" \/>\n<meta property=\"og:locale\" content=\"eu_ES\" \/>\n<meta property=\"og:type\" content=\"article\" \/>\n<meta property=\"og:title\" content=\"Taldeak - Santiagotarrak\" \/>\n<meta property=\"og:description\" content=\"[et_pb_section fb_built=&#8221;1&#8243; module_class=&#8221;header-section&#8221; _builder_version=&#8221;4.8.1&#8243; background_image=&#8221;https:\/\/www.santiagotarrak.com\/wp-content\/uploads\/2025\/08\/remo-ekipo-2025.png&#8221; locked=&#8221;off&#8221;][et_pb_row _builder_version=&#8221;4.0.6&#8243;][et_pb_column type=&#8221;4_4&#8243; _builder_version=&#8221;4.0.6&#8243;][et_pb_text admin_label=&#8221;Remo&#8221; _builder_version=&#8221;4.6.2&#8243; locked=&#8221;off&#8221;] Arrauna [\/et_pb_text][\/et_pb_column][\/et_pb_row][\/et_pb_section][et_pb_section fb_built=&#8221;1&#8243; specialty=&#8221;on&#8221; _builder_version=&#8221;4.0.6&#8243; locked=&#8221;off&#8221;][et_pb_column type=&#8221;1_4&#8243; _builder_version=&#8221;3.25&#8243; custom_padding=&#8221;|||&#8221; custom_padding__hover=&#8221;|||&#8221;][et_pb_menu menu_id=&#8221;3&#8243; module_class=&#8221;menu-seccion&#8221; _builder_version=&#8221;4.0.6&#8243; locked=&#8221;off&#8221;][\/et_pb_menu][\/et_pb_column][et_pb_column type=&#8221;3_4&#8243; specialty_columns=&#8221;3&#8243; _builder_version=&#8221;3.25&#8243; custom_padding=&#8221;|||&#8221; custom_padding__hover=&#8221;|||&#8221;][et_pb_row_inner _builder_version=&#8221;4.0.6&#8243; custom_margin=&#8221;||0px||false|false&#8221; custom_padding=&#8221;||0px||false|false&#8221;][et_pb_column_inner saved_specialty_column_type=&#8221;3_4&#8243; _builder_version=&#8221;4.0.6&#8243;][et_pb_text admin_label=&#8221;Equipos&#8221; _builder_version=&#8221;4.6.2&#8243;] Taldeak [\/et_pb_text][\/et_pb_column_inner][\/et_pb_row_inner][et_pb_row_inner module_class=&#8221;equipo&#8221; _builder_version=&#8221;4.0.6&#8243;][et_pb_column_inner saved_specialty_column_type=&#8221;3_4&#8243; _builder_version=&#8221;4.0.6&#8243;][et_pb_text admin_label=&#8221;INFANTIL&#8221; _builder_version=&#8221;4.6.2&#8243;] INFANTILA [\/et_pb_text][et_pb_text admin_label=&#8221;Integrantes equipo&#8221; _builder_version=&#8221;4.8.1&#8243; hover_enabled=&#8221;0&#8243; sticky_enabled=&#8221;0&#8243;] EMAKUMEZKOENA: Izar [&hellip;]\" \/>\n<meta property=\"og:url\" content=\"https:\/\/www.santiagotarrak.com\/eu\/lehiaketa\/arrauna\/taldeak\/\" \/>\n<meta property=\"og:site_name\" content=\"Santiagotarrak\" \/>\n<meta property=\"article:publisher\" content=\"http:\/\/www.facebook.com\/Santiagotarrak\/\" \/>\n<meta property=\"article:modified_time\" content=\"2025-10-16T11:57:59+00:00\" \/>\n<meta name=\"twitter:card\" content=\"summary_large_image\" \/>\n<meta name=\"twitter:label1\" content=\"Est. reading time\" \/>\n\t<meta name=\"twitter:data1\" content=\"3 minutes\" \/>\n<script type=\"application\/ld+json\" class=\"yoast-schema-graph\">{\"@context\":\"https:\/\/schema.org\",\"@graph\":[{\"@type\":\"Organization\",\"@id\":\"https:\/\/www.santiagotarrak.com\/#organization\",\"name\":\"Santiagotarrak\",\"url\":\"https:\/\/www.santiagotarrak.com\/\",\"sameAs\":[\"http:\/\/www.facebook.com\/Santiagotarrak\/\",\"http:\/\/www.instagram.com\/santiagotarrak\/\"],\"logo\":{\"@type\":\"ImageObject\",\"@id\":\"https:\/\/www.santiagotarrak.com\/#logo\",\"inLanguage\":\"eu-ES\",\"url\":\"https:\/\/www.santiagotarrak.com\/wp-content\/uploads\/2020\/07\/santiagotarrak.jpg\",\"contentUrl\":\"https:\/\/www.santiagotarrak.com\/wp-content\/uploads\/2020\/07\/santiagotarrak.jpg\",\"width\":400,\"height\":96,\"caption\":\"Santiagotarrak\"},\"image\":{\"@id\":\"https:\/\/www.santiagotarrak.com\/#logo\"}},{\"@type\":\"WebSite\",\"@id\":\"https:\/\/www.santiagotarrak.com\/#website\",\"url\":\"https:\/\/www.santiagotarrak.com\/\",\"name\":\"Santiagotarrak\",\"description\":\"Pirag\\u00fcismo y remo en el r\\u00edo Bidasoa\",\"publisher\":{\"@id\":\"https:\/\/www.santiagotarrak.com\/#organization\"},\"potentialAction\":[{\"@type\":\"SearchAction\",\"target\":{\"@type\":\"EntryPoint\",\"urlTemplate\":\"https:\/\/www.santiagotarrak.com\/?s={search_term_string}\"},\"query-input\":\"required name=search_term_string\"}],\"inLanguage\":\"eu-ES\"},{\"@type\":\"WebPage\",\"@id\":\"https:\/\/www.santiagotarrak.com\/eu\/lehiaketa\/arrauna\/taldeak\/#webpage\",\"url\":\"https:\/\/www.santiagotarrak.com\/eu\/lehiaketa\/arrauna\/taldeak\/\",\"name\":\"Taldeak - Santiagotarrak\",\"isPartOf\":{\"@id\":\"https:\/\/www.santiagotarrak.com\/#website\"},\"datePublished\":\"2020-03-21T06:24:05+00:00\",\"dateModified\":\"2025-10-16T11:57:59+00:00\",\"breadcrumb\":{\"@id\":\"https:\/\/www.santiagotarrak.com\/eu\/lehiaketa\/arrauna\/taldeak\/#breadcrumb\"},\"inLanguage\":\"eu-ES\",\"potentialAction\":[{\"@type\":\"ReadAction\",\"target\":[\"https:\/\/www.santiagotarrak.com\/eu\/lehiaketa\/arrauna\/taldeak\/\"]}]},{\"@type\":\"BreadcrumbList\",\"@id\":\"https:\/\/www.santiagotarrak.com\/eu\/lehiaketa\/arrauna\/taldeak\/#breadcrumb\",\"itemListElement\":[{\"@type\":\"ListItem\",\"position\":1,\"name\":\"Portada\",\"item\":\"https:\/\/www.santiagotarrak.com\/eu\/\"},{\"@type\":\"ListItem\",\"position\":2,\"name\":\"Lehiaketa\",\"item\":\"https:\/\/www.santiagotarrak.com\/es\/competicion\/\"},{\"@type\":\"ListItem\",\"position\":3,\"name\":\"Arrauna\",\"item\":\"https:\/\/www.santiagotarrak.com\/eu\/lehiaketa\/arrauna\/\"},{\"@type\":\"ListItem\",\"position\":4,\"name\":\"Taldeak\"}]}]}<\/script>\n<!-- \/ Yoast SEO plugin. -->","yoast_head_json":{"title":"Taldeak - Santiagotarrak","robots":{"index":"index","follow":"follow","max-snippet":"max-snippet:-1","max-image-preview":"max-image-preview:large","max-video-preview":"max-video-preview:-1"},"canonical":"https:\/\/www.santiagotarrak.com\/eu\/lehiaketa\/arrauna\/taldeak\/","og_locale":"eu_ES","og_type":"article","og_title":"Taldeak - Santiagotarrak","og_description":"[et_pb_section fb_built=&#8221;1&#8243; module_class=&#8221;header-section&#8221; _builder_version=&#8221;4.8.1&#8243; background_image=&#8221;https:\/\/www.santiagotarrak.com\/wp-content\/uploads\/2025\/08\/remo-ekipo-2025.png&#8221; locked=&#8221;off&#8221;][et_pb_row _builder_version=&#8221;4.0.6&#8243;][et_pb_column type=&#8221;4_4&#8243; _builder_version=&#8221;4.0.6&#8243;][et_pb_text admin_label=&#8221;Remo&#8221; _builder_version=&#8221;4.6.2&#8243; locked=&#8221;off&#8221;] Arrauna [\/et_pb_text][\/et_pb_column][\/et_pb_row][\/et_pb_section][et_pb_section fb_built=&#8221;1&#8243; specialty=&#8221;on&#8221; _builder_version=&#8221;4.0.6&#8243; locked=&#8221;off&#8221;][et_pb_column type=&#8221;1_4&#8243; _builder_version=&#8221;3.25&#8243; custom_padding=&#8221;|||&#8221; custom_padding__hover=&#8221;|||&#8221;][et_pb_menu menu_id=&#8221;3&#8243; module_class=&#8221;menu-seccion&#8221; _builder_version=&#8221;4.0.6&#8243; locked=&#8221;off&#8221;][\/et_pb_menu][\/et_pb_column][et_pb_column type=&#8221;3_4&#8243; specialty_columns=&#8221;3&#8243; _builder_version=&#8221;3.25&#8243; custom_padding=&#8221;|||&#8221; custom_padding__hover=&#8221;|||&#8221;][et_pb_row_inner _builder_version=&#8221;4.0.6&#8243; custom_margin=&#8221;||0px||false|false&#8221; custom_padding=&#8221;||0px||false|false&#8221;][et_pb_column_inner saved_specialty_column_type=&#8221;3_4&#8243; _builder_version=&#8221;4.0.6&#8243;][et_pb_text admin_label=&#8221;Equipos&#8221; _builder_version=&#8221;4.6.2&#8243;] Taldeak [\/et_pb_text][\/et_pb_column_inner][\/et_pb_row_inner][et_pb_row_inner module_class=&#8221;equipo&#8221; _builder_version=&#8221;4.0.6&#8243;][et_pb_column_inner saved_specialty_column_type=&#8221;3_4&#8243; _builder_version=&#8221;4.0.6&#8243;][et_pb_text admin_label=&#8221;INFANTIL&#8221; _builder_version=&#8221;4.6.2&#8243;] INFANTILA [\/et_pb_text][et_pb_text admin_label=&#8221;Integrantes equipo&#8221; _builder_version=&#8221;4.8.1&#8243; hover_enabled=&#8221;0&#8243; sticky_enabled=&#8221;0&#8243;] EMAKUMEZKOENA: Izar [&hellip;]","og_url":"https:\/\/www.santiagotarrak.com\/eu\/lehiaketa\/arrauna\/taldeak\/","og_site_name":"Santiagotarrak","article_publisher":"http:\/\/www.facebook.com\/Santiagotarrak\/","article_modified_time":"2025-10-16T11:57:59+00:00","twitter_card":"summary_large_image","twitter_misc":{"Est. reading time":"3 minutes"},"schema":{"@context":"https:\/\/schema.org","@graph":[{"@type":"Organization","@id":"https:\/\/www.santiagotarrak.com\/#organization","name":"Santiagotarrak","url":"https:\/\/www.santiagotarrak.com\/","sameAs":["http:\/\/www.facebook.com\/Santiagotarrak\/","http:\/\/www.instagram.com\/santiagotarrak\/"],"logo":{"@type":"ImageObject","@id":"https:\/\/www.santiagotarrak.com\/#logo","inLanguage":"eu-ES","url":"https:\/\/www.santiagotarrak.com\/wp-content\/uploads\/2020\/07\/santiagotarrak.jpg","contentUrl":"https:\/\/www.santiagotarrak.com\/wp-content\/uploads\/2020\/07\/santiagotarrak.jpg","width":400,"height":96,"caption":"Santiagotarrak"},"image":{"@id":"https:\/\/www.santiagotarrak.com\/#logo"}},{"@type":"WebSite","@id":"https:\/\/www.santiagotarrak.com\/#website","url":"https:\/\/www.santiagotarrak.com\/","name":"Santiagotarrak","description":"Pirag\u00fcismo y remo en el r\u00edo Bidasoa","publisher":{"@id":"https:\/\/www.santiagotarrak.com\/#organization"},"potentialAction":[{"@type":"SearchAction","target":{"@type":"EntryPoint","urlTemplate":"https:\/\/www.santiagotarrak.com\/?s={search_term_string}"},"query-input":"required name=search_term_string"}],"inLanguage":"eu-ES"},{"@type":"WebPage","@id":"https:\/\/www.santiagotarrak.com\/eu\/lehiaketa\/arrauna\/taldeak\/#webpage","url":"https:\/\/www.santiagotarrak.com\/eu\/lehiaketa\/arrauna\/taldeak\/","name":"Taldeak - Santiagotarrak","isPartOf":{"@id":"https:\/\/www.santiagotarrak.com\/#website"},"datePublished":"2020-03-21T06:24:05+00:00","dateModified":"2025-10-16T11:57:59+00:00","breadcrumb":{"@id":"https:\/\/www.santiagotarrak.com\/eu\/lehiaketa\/arrauna\/taldeak\/#breadcrumb"},"inLanguage":"eu-ES","potentialAction":[{"@type":"ReadAction","target":["https:\/\/www.santiagotarrak.com\/eu\/lehiaketa\/arrauna\/taldeak\/"]}]},{"@type":"BreadcrumbList","@id":"https:\/\/www.santiagotarrak.com\/eu\/lehiaketa\/arrauna\/taldeak\/#breadcrumb","itemListElement":[{"@type":"ListItem","position":1,"name":"Portada","item":"https:\/\/www.santiagotarrak.com\/eu\/"},{"@type":"ListItem","position":2,"name":"Lehiaketa","item":"https:\/\/www.santiagotarrak.com\/es\/competicion\/"},{"@type":"ListItem","position":3,"name":"Arrauna","item":"https:\/\/www.santiagotarrak.com\/eu\/lehiaketa\/arrauna\/"},{"@type":"ListItem","position":4,"name":"Taldeak"}]}]}},"_links":{"self":[{"href":"https:\/\/www.santiagotarrak.com\/eu\/wp-json\/wp\/v2\/pages\/1669"}],"collection":[{"href":"https:\/\/www.santiagotarrak.com\/eu\/wp-json\/wp\/v2\/pages"}],"about":[{"href":"https:\/\/www.santiagotarrak.com\/eu\/wp-json\/wp\/v2\/types\/page"}],"author":[{"embeddable":true,"href":"https:\/\/www.santiagotarrak.com\/eu\/wp-json\/wp\/v2\/users\/1"}],"replies":[{"embeddable":true,"href":"https:\/\/www.santiagotarrak.com\/eu\/wp-json\/wp\/v2\/comments?post=1669"}],"version-history":[{"count":20,"href":"https:\/\/www.santiagotarrak.com\/eu\/wp-json\/wp\/v2\/pages\/1669\/revisions"}],"predecessor-version":[{"id":3967,"href":"https:\/\/www.santiagotarrak.com\/eu\/wp-json\/wp\/v2\/pages\/1669\/revisions\/3967"}],"up":[{"embeddable":true,"href":"https:\/\/www.santiagotarrak.com\/eu\/wp-json\/wp\/v2\/pages\/1632"}],"wp:attachment":[{"href":"https:\/\/www.santiagotarrak.com\/eu\/wp-json\/wp\/v2\/media?parent=1669"}],"curies":[{"name":"wp","href":"https:\/\/api.w.org\/{rel}","templated":true}]}}